{"id":67539,"date":"2023-08-17T13:29:05","date_gmt":"2023-08-17T11:29:05","guid":{"rendered":"https:\/\/fud.ujep.cz\/?page_id=67539"},"modified":"2025-03-10T09:57:08","modified_gmt":"2025-03-10T07:57:08","slug":"specialized-workplaces","status":"publish","type":"page","link":"https:\/\/old.fud.ujep.cz\/en\/specialized-workplaces\/","title":{"rendered":"Specialized Workplaces"},"content":{"rendered":"<div id=\"pl-67539\"  class=\"panel-layout\" ><div id=\"pg-67539-0\"  class=\"panel-grid panel-no-style\" ><div id=\"pgc-67539-0-0\"  class=\"panel-grid-cell\" ><div id=\"panel-67539-0-0-0\" class=\"so-panel widget widget_sow-editor panel-first-child\" data-index=\"0\" ><div\n\t\t\t\n\t\t\tclass=\"so-widget-sow-editor so-widget-sow-editor-base\"\n\t\t\t\n\t\t><h3 class=\"widget-title\">Department of History and Theory of Arts<\/h3>\n<div class=\"siteorigin-widget-tinymce textwidget\">\n\t<p>The activities of the department are built on the belief that the specific language of visual and artistic culture can express different dimensions of our existence than that of verbal and scientific language. Through mapping, exploring, and interpreting phenomena and trends in visual culture, it strives to create a&nbsp;foundation for the application of visual art in the contemporary world. The concept of the department is based on the idea that the creation of a&nbsp;complete artwork enables a&nbsp;diverse and broad cultural community capable of self-reflection, arising from a&nbsp;dialogue of various approaches, creative, theoretical, or historical.<\/p>\n<p>The department provides education in theoretical and historical subjects of a&nbsp;more general nature for undergraduate students. It offers lectures on the history of ancient cultures, Christian art of Europe, and the development of modern visual and artistic creation. Study plans are further enriched by courses focused on the specifics of individual fields of study, particularly the history of photography and electronic media, as well as the history of design and artistic craftsmanship. The bachelor's study plan also includes seminars dedicated to basic orientation in aesthetic and theoretical space and current cultural developments.<\/p>\n<p><a class=\"button\" href=\"https:\/\/fud.ujep.cz\/en\/67539-2\/department-of-history-and-theory-of-art\/\" target=\"_blank\" rel=\"noopener\">FURTHER INFORMATION ON DEPARTMENT OF HISTORY AND THEORY OF ARTS<\/a><\/p>\n<\/div>\n<\/div><\/div><div id=\"panel-67539-0-0-1\" class=\"so-panel widget widget_sow-editor\" data-index=\"1\" ><div\n\t\t\t\n\t\t\tclass=\"so-widget-sow-editor so-widget-sow-editor-base\"\n\t\t\t\n\t\t><h3 class=\"widget-title\">Contacts<\/h3>\n<div class=\"siteorigin-widget-tinymce textwidget\">\n\t<p>Head of Department of History and Theory of Arts<strong><br \/>\n<a href=\"https:\/\/fud.ujep.cz\/en\/lide\/adela-machova\/\" target=\"_blank\" rel=\"noopener\">MgA. Ad\u00e9la Machov\u00e1, Ph.D.<\/a><\/strong><\/p>\n<p>&nbsp;Guarantor of Curatorial Studies<br \/>\n<strong><a href=\"https:\/\/fud.ujep.cz\/en\/lide\/michal-kolecek\/\" target=\"_blank\" rel=\"noopener\">prof. Mgr. Michal Kole\u010dek, Ph.D.<\/a><\/strong><\/p>\n<p>Department of History and Theory of Arts Assistant<strong><br \/>\n<a href=\"https:\/\/fud.ujep.cz\/lide\/sarka-novotna\/\" target=\"_blank\" rel=\"noopener\">Ing. \u0160\u00e1rka Novotn\u00e1<\/a><br \/>\n<\/strong><\/p>\n<\/div>\n<\/div><\/div><div id=\"panel-67539-0-0-2\" class=\"so-panel widget widget_sow-editor panel-last-child\" data-index=\"2\" ><div\n\t\t\t\n\t\t\tclass=\"so-widget-sow-editor so-widget-sow-editor-base\"\n\t\t\t\n\t\t><h3 class=\"widget-title\">People<\/h3>\n<div class=\"siteorigin-widget-tinymce textwidget\">\n\t<p><img decoding=\"async\" loading=\"lazy\" class=\"alignnone size-medium\" src=\"https:\/\/fud.ujep.cz\/wp\/wp-content\/uploads\/2024\/12\/dsc-9927.jpg\" width=\"2560\" height=\"1709\"\/><\/p>\n<\/div>\n<\/div><\/div><\/div><div id=\"pgc-67539-0-1\"  class=\"panel-grid-cell\" ><div id=\"panel-67539-0-1-0\" class=\"so-panel widget widget_sow-editor panel-first-child\" data-index=\"3\" ><div\n\t\t\t\n\t\t\tclass=\"so-widget-sow-editor so-widget-sow-editor-base\"\n\t\t\t\n\t\t><h3 class=\"widget-title\">Department of Art Practice<\/h3>\n<div class=\"siteorigin-widget-tinymce textwidget\">\n\t<p>The mission of the department is to provide students of the faculty with foundational skills in techniques of drawing, painting, graphics, and spatial creation. This practical education is undergone by design and applied arts students, as well as students of photography and digital media, each following different paths within their study plans.<\/p>\n<p>The Drawing and Painting Studio is focused on the development of drawing and painting skills and techniques. The instruction primarily centers around still life and figurative composition, with a&nbsp;significant emphasis on painting technology. This technology exposes students to both traditional and contemporary techniques.&nbsp;In the Graphics Studio, students gain practical experience with traditional graphic techniques such as lithography, intaglio, screen printing, and more.&nbsp;The Spatial Creation Studio introduces students to the fundamental aspects of three-dimensional artistic disciplines, such as objects, sculptures, installations, along with their basic techniques, materials, and tools, emphasizing the relationship between space and form.&nbsp;The department also manages comprehensively equipped workshops for processing wood, metal, plaster, stone, as well as the latest digital technology of 3D printing.<\/p>\n<p><a class=\"button\" href=\"https:\/\/fud.ujep.cz\/en\/specialized-workplaces\/art-practice-department\/\">FURTHER INFORMATION ABOUT DEPARTMENT of art practice<\/a><\/p>\n<\/div>\n<\/div><\/div><div id=\"panel-67539-0-1-1\" class=\"so-panel widget widget_sow-editor\" data-index=\"4\" ><div\n\t\t\t\n\t\t\tclass=\"so-widget-sow-editor so-widget-sow-editor-base\"\n\t\t\t\n\t\t><h3 class=\"widget-title\">Contacts<\/h3>\n<div class=\"siteorigin-widget-tinymce textwidget\">\n\t<p>Head of the Department of Art Practice<br \/>\n<strong><a href=\"https:\/\/fud.ujep.cz\/en\/lide\/lenka-kahuda-klokockova\/\" target=\"_blank\" rel=\"noopener\">MgA.&nbsp;Lenka Kahuda Kloko\u010dkov\u00e1,&nbsp;MA, Ph.D.<\/a><\/strong><\/p>\n<p>Deputy Head of the Department of Art Practice<br \/>\n<strong><a href=\"https:\/\/fud.ujep.cz\/en\/lide\/martin-kuris\/\" target=\"_blank\" rel=\"noopener\">doc. MgA. Martin Kuri\u0161, Ph.D.<\/a><\/strong><\/p>\n<p>Department of Art Practice Assistant<br \/>\n<strong><a href=\"https:\/\/fud.ujep.cz\/lide\/sarka-novotna\/\" target=\"_blank\" rel=\"noopener\">Ing. \u0160\u00e1rka Novotn\u00e1<\/a><\/strong><\/p>\n<\/div>\n<\/div><\/div><div id=\"panel-67539-0-1-2\" class=\"so-panel widget widget_sow-editor panel-last-child\" data-index=\"5\" ><div\n\t\t\t\n\t\t\tclass=\"so-widget-sow-editor so-widget-sow-editor-base\"\n\t\t\t\n\t\t><h3 class=\"widget-title\">Workshop<\/h3>\n<div class=\"siteorigin-widget-tinymce textwidget\">\n\t<p><img decoding=\"async\" loading=\"lazy\" class=\"alignnone size-medium\" src=\"https:\/\/fud.ujep.cz\/wp\/wp-content\/uploads\/2024\/12\/obrazek-whatsapp-2024-12-03-v-102016-8236ce98.jpg\" width=\"1080\" height=\"721\"\/><\/p>\n<\/div>\n<\/div><\/div><\/div><\/div><div id=\"pg-67539-1\"  class=\"panel-grid panel-no-style\" ><div id=\"pgc-67539-1-0\"  class=\"panel-grid-cell\" ><div id=\"panel-67539-1-0-0\" class=\"so-panel widget widget_sow-fud-wp-posts widget-posts widget-fud-posts panel-first-child panel-last-child\" data-index=\"6\" ><div\n\t\t\t\n\t\t\tclass=\"so-widget-sow-fud-wp-posts so-widget-sow-fud-wp-posts-base\"\n\t\t\t\n\t\t><div class=\"widget-posts wrapper-widget\"><div class=\"wrapper-posts columns-layout-4 masonry-grid\">\n    \t\t<!-- article -->\n    \t\t<article id=\"post-83948\" class=\"col-lg-3 col-sm-6 col-xs-12 grid-item post-83948 post type-post status-publish format-standard has-post-thumbnail hentry category-news category-curatorial-studies\">\n      \n              <figure>\n                <a href=\"https:\/\/old.fud.ujep.cz\/en\/news\/past-told-future-held-a-doctoral-exhibition-by-petra-widzova\/\" title=\"Past Told, Future Held \u2013 A&nbsp;Doctoral Exhibition by Petra Wid\u017eov\u00e1\"><img src=\"https:\/\/old.fud.ujep.cz\/wp-content\/uploads\/2026\/03\/past-told-future-held-banner-1280x720.png\" alt=\"\" \/><\/a>\n              <\/figure>\n              <header>\n        <h2><a href=\"https:\/\/old.fud.ujep.cz\/en\/news\/past-told-future-held-a-doctoral-exhibition-by-petra-widzova\/\" title=\"Past Told, Future Held \u2013 A&nbsp;Doctoral Exhibition by Petra Wid\u017eov\u00e1\">Past Told, Future Held \u2013 A&nbsp;Doctoral Exhibition by Petra Wid\u017eov\u00e1<\/a><\/h2>\n      <\/header>\n    \t\t\t\t<main class=\"entry\">\n      <div class=\"post-content\"><p data-path-to-node=\"2\">We cordially invite you to the opening of the exhibition <i data-path-to-node=\"2\" data-index-in-node=\"57\">Past Told, Future Held<\/i>, which takes you behind the scenes of caring for artistic estates. The doctoral exhibition will open on March 12 at 6:00 PM&nbsp;at the Industra Gallery in Brno.<\/p>\n<\/div>\n          <div class=\"meta post-meta\">\n            <a href=\"https:\/\/old.fud.ujep.cz\/en\/news\/past-told-future-held-a-doctoral-exhibition-by-petra-widzova\/\" title=\"Past Told, Future Held \u2013 A&nbsp;Doctoral Exhibition by Petra Wid\u017eov\u00e1\">\u2192&nbsp;More<\/a>\n          <\/div>\n            <\/main>\n    \t\t<\/article>\n    \t\t<!-- \/article -->\n      \n    \t\t<!-- article -->\n    \t\t<article id=\"post-83946\" class=\"col-lg-3 col-sm-6 col-xs-12 grid-item post-83946 post type-post status-publish format-standard has-post-thumbnail hentry category-news category-calendar category-celem-k-umeni-en\">\n      \n              <figure>\n                <a href=\"https:\/\/old.fud.ujep.cz\/en\/news\/facing-art-and-design-2-slavs-and-tatars\/\" title=\"Facing Art and Design #2 \/ Slavs and Tatars\"><img src=\"https:\/\/old.fud.ujep.cz\/wp-content\/uploads\/2026\/03\/cku-ls26-slavs-fb-1-1280x670.jpg\" alt=\"\" \/><\/a>\n              <\/figure>\n              <header>\n        <h2><a href=\"https:\/\/old.fud.ujep.cz\/en\/news\/facing-art-and-design-2-slavs-and-tatars\/\" title=\"Facing Art and Design #2 \/ Slavs and Tatars\">Facing Art and Design #2 \/ Slavs and Tatars<\/a><\/h2>\n      <\/header>\n    \t\t\t\t<main class=\"entry\">\n      <div class=\"post-content\"><p>We cordially invite you to the next lecture in the <i data-path-to-node=\"2\" data-index-in-node=\"51\">Facing Art and Design<\/i> series, this time featuring Slavs and Tatars! The lecture will take place on the final day of the <i data-path-to-node=\"2\" data-index-in-node=\"171\">Shared Existences<\/i> exhibition. It will be held at FUD UJEP in Auditorium No. 537.<\/p>\n<\/div>\n          <div class=\"meta post-meta\">\n            <a href=\"https:\/\/old.fud.ujep.cz\/en\/news\/facing-art-and-design-2-slavs-and-tatars\/\" title=\"Facing Art and Design #2 \/ Slavs and Tatars\">\u2192&nbsp;More<\/a>\n          <\/div>\n            <\/main>\n    \t\t<\/article>\n    \t\t<!-- \/article -->\n      \n    \t\t<!-- article -->\n    \t\t<article id=\"post-83919\" class=\"col-lg-3 col-sm-6 col-xs-12 grid-item post-83919 post type-post status-publish format-standard hentry category-news category-open-call-en\">\n      <header>\n        <h2><a href=\"https:\/\/old.fud.ujep.cz\/en\/news\/1st-round-of-the-internal-grant-competition-of-fud-ujep-for-2026\/\" title=\"1st Round of the Internal Grant Competition of FUD UJEP for 2026\">1st Round of the Internal Grant Competition of FUD UJEP for 2026<\/a><\/h2>\n      <\/header>\n    \t\t\t\t<main class=\"entry\">\n      <div class=\"post-content\"><p>Announcement of Internal Grants of FUD UJEP for 2026.<\/p>\n<\/div>\n          <div class=\"meta post-meta\">\n            <a href=\"https:\/\/old.fud.ujep.cz\/en\/news\/1st-round-of-the-internal-grant-competition-of-fud-ujep-for-2026\/\" title=\"1st Round of the Internal Grant Competition of FUD UJEP for 2026\">\u2192&nbsp;More<\/a>\n          <\/div>\n            <\/main>\n    \t\t<\/article>\n    \t\t<!-- \/article -->\n      \n    \t\t<!-- article -->\n    \t\t<article id=\"post-83413\" class=\"col-lg-3 col-sm-6 col-xs-12 grid-item post-83413 post type-post status-publish format-standard has-post-thumbnail hentry category-conferences\">\n      \n              <figure>\n                <a href=\"https:\/\/old.fud.ujep.cz\/en\/conferences\/we-invite-you-to-the-faculty-round-of-the-student-research-conference\/\" title=\"We invite you to the Faculty Round of the Student Research Conference\"><img src=\"https:\/\/old.fud.ujep.cz\/wp-content\/uploads\/2024\/11\/2015-budova-fud-foto-jirka-dvorak-1280x853.jpg\" alt=\"\" \/><\/a>\n              <\/figure>\n              <header>\n        <h2><a href=\"https:\/\/old.fud.ujep.cz\/en\/conferences\/we-invite-you-to-the-faculty-round-of-the-student-research-conference\/\" title=\"We invite you to the Faculty Round of the Student Research Conference\">We invite you to the Faculty Round of the Student Research Conference<\/a><\/h2>\n      <\/header>\n    \t\t\t\t<main class=\"entry\">\n      <div class=\"post-content\"><p>We cordially invite you to the faculty round of the Student Research Conference, where doctoral students of the Faculty of Art and Design will present their student projects.<\/p>\n<p>The conference will take place on <strong>Tuesday, 17 February 2026 at 10:00<\/strong> in <strong>the Lecture Hall 537<\/strong> at the Faculty of Art and Design at Jan Evangelista Purkyn\u011b University in \u00dast\u00ed nad Labem.<\/p>\n<\/div>\n          <div class=\"meta post-meta\">\n            <a href=\"https:\/\/old.fud.ujep.cz\/en\/conferences\/we-invite-you-to-the-faculty-round-of-the-student-research-conference\/\" title=\"We invite you to the Faculty Round of the Student Research Conference\">\u2192&nbsp;More<\/a>\n          <\/div>\n            <\/main>\n    \t\t<\/article>\n    \t\t<!-- \/article -->\n      \n    \t\t<!-- article -->\n    \t\t<article id=\"post-83695\" class=\"col-lg-3 col-sm-6 col-xs-12 grid-item post-83695 post type-post status-publish format-standard has-post-thumbnail hentry category-fud-edition category-news category-open-call-en\">\n      <header>\n        <h2><a href=\"https:\/\/old.fud.ujep.cz\/en\/news\/call-for-the-submission-of-proposals-for-publication-to-be-supported-by-the-major-publishing-grant-for-2026\/\" title=\"Call for the Major Publishing Grant for 2026\">Call for the Major Publishing Grant for 2026<\/a><\/h2>\n      <\/header>\n    \t\t\t\t<main class=\"entry\">\n      <div class=\"post-content\"><p data-start=\"0\" data-end=\"119\">Dean of FUD UJEP Announces a&nbsp;Call for Proposals for Publication with Support from the Major Publishing Grant for 2026.<\/p>\n<\/div>\n          <div class=\"meta post-meta\">\n            <a href=\"https:\/\/old.fud.ujep.cz\/en\/news\/call-for-the-submission-of-proposals-for-publication-to-be-supported-by-the-major-publishing-grant-for-2026\/\" title=\"Call for the Major Publishing Grant for 2026\">\u2192&nbsp;More<\/a>\n          <\/div>\n            <\/main>\n    \t\t<\/article>\n    \t\t<!-- \/article -->\n      \n    \t\t<!-- article -->\n    \t\t<article id=\"post-83274\" class=\"col-lg-3 col-sm-6 col-xs-12 grid-item post-83274 post type-post status-publish format-standard has-post-thumbnail hentry category-news category-open-call-en\">\n      <header>\n        <h2><a href=\"https:\/\/old.fud.ujep.cz\/en\/news\/we-are-announcing-an-open-call-for-two-residencies-in-paris-in-2026-deadline-february-12-2026\/\" title=\"We are announcing an open call for two residencies in Paris in 2026 \u2013 deadline extended to 02\/03\/2026!\">We are announcing an open call for two residencies in Paris in 2026 \u2013 deadline extended to 02\/03\/2026!<\/a><\/h2>\n      <\/header>\n    \t\t\t\t<main class=\"entry\">\n      <div class=\"post-content\"><p>The Faculty of Art and Design at Jan Evangelista Purkyn\u011b University in \u00dast\u00ed nad Labem (FUD UJEP) and the Cit\u00e9 internationale des arts in Paris have co-developed a&nbsp;research and creation residency programme dedicated to artists and curators from the FUD UJEP ecosystem.<\/p>\n<\/div>\n          <div class=\"meta post-meta\">\n            <a href=\"https:\/\/old.fud.ujep.cz\/en\/news\/we-are-announcing-an-open-call-for-two-residencies-in-paris-in-2026-deadline-february-12-2026\/\" title=\"We are announcing an open call for two residencies in Paris in 2026 \u2013 deadline extended to 02\/03\/2026!\">\u2192&nbsp;More<\/a>\n          <\/div>\n            <\/main>\n    \t\t<\/article>\n    \t\t<!-- \/article -->\n      \n    \t\t<!-- article -->\n    \t\t<article id=\"post-83376\" class=\"col-lg-3 col-sm-6 col-xs-12 grid-item post-83376 post type-post status-publish format-standard has-post-thumbnail hentry category-news category-exhibitions category-calendar\">\n      <header>\n        <h2><a href=\"https:\/\/old.fud.ujep.cz\/en\/news\/zimni-sklizen-exhibition-of-finals-open-day-at-fud\/\" title=\"Zimn\u00ed sklize\u0148 exhibition of finals + Open day at FUD\">Zimn\u00ed sklize\u0148 exhibition of finals + Open day at FUD<\/a><\/h2>\n      <\/header>\n    \t\t\t\t<main class=\"entry\">\n      <div class=\"post-content\"><p>We are delighted to invite you to the exhibition of student semester projects at the Faculty of Art and Design (FUD UJEP), taking place from February 12 to February 14. An Open Day will also be held on February 12.<\/p>\n<\/div>\n          <div class=\"meta post-meta\">\n            <a href=\"https:\/\/old.fud.ujep.cz\/en\/news\/zimni-sklizen-exhibition-of-finals-open-day-at-fud\/\" title=\"Zimn\u00ed sklize\u0148 exhibition of finals + Open day at FUD\">\u2192&nbsp;More<\/a>\n          <\/div>\n            <\/main>\n    \t\t<\/article>\n    \t\t<!-- \/article -->\n      \n    \t\t<!-- article -->\n    \t\t<article id=\"post-82957\" class=\"col-lg-3 col-sm-6 col-xs-12 grid-item post-82957 post type-post status-publish format-standard has-post-thumbnail hentry category-news\">\n      <header>\n        <h2><a href=\"https:\/\/old.fud.ujep.cz\/en\/news\/experiment-by-cast-iron\/\" title=\"Experiment by Cast Iron\">Experiment by Cast Iron<\/a><\/h2>\n      <\/header>\n    \t\t\t\t<main class=\"entry\">\n      <div class=\"post-content\"><p>\u201cExperiment by Cast Iron\u201d is an international symposium expanding on the momentum of its 2019 and 2021 editions. Between December 8 and 17, FUD UJEP will host a&nbsp;full program dedicated to the methods and possibilities of the material. The Studio of Natural Materials, in collaboration with educators and artists from the Czechia, Moravia, Slovakia, and the United States, will engage in processes associated with cast-iron art production.<\/p>\n<\/div>\n          <div class=\"meta post-meta\">\n            <a href=\"https:\/\/old.fud.ujep.cz\/en\/news\/experiment-by-cast-iron\/\" title=\"Experiment by Cast Iron\">\u2192&nbsp;More<\/a>\n          <\/div>\n            <\/main>\n    \t\t<\/article>\n    \t\t<!-- \/article -->\n      \n    \t\t<!-- article -->\n    \t\t<article id=\"post-82688\" class=\"col-lg-3 col-sm-6 col-xs-12 grid-item post-82688 post type-post status-publish format-standard has-post-thumbnail hentry category-news category-exhibitions category-house-of-arts\">\n      <header>\n        <h2><a href=\"https:\/\/old.fud.ujep.cz\/en\/news\/new-exhibition-in-house-of-arts-usti-nad-labem-shared-existences\/\" title=\"New exhibition in House of Arts \u00dast\u00ed nad Labem: Shared existences\">New exhibition in House of Arts \u00dast\u00ed nad Labem: Shared existences<\/a><\/h2>\n      <\/header>\n    \t\t\t\t<main class=\"entry\">\n      <div class=\"post-content\"><p data-start=\"39\" data-end=\"293\">We warmly invite you to the opening of the international group exhibition <em data-start=\"113\" data-end=\"132\">Shared Existences<\/em>, which will take place on 10th December 2025 at 18:00. You are also welcome to join a&nbsp;guided tour with the exhibition\u2019s curator, Petra Wid\u017eov\u00e1, starting at 16:30.<\/p>\n<\/div>\n          <div class=\"meta post-meta\">\n            <a href=\"https:\/\/old.fud.ujep.cz\/en\/news\/new-exhibition-in-house-of-arts-usti-nad-labem-shared-existences\/\" title=\"New exhibition in House of Arts \u00dast\u00ed nad Labem: Shared existences\">\u2192&nbsp;More<\/a>\n          <\/div>\n            <\/main>\n    \t\t<\/article>\n    \t\t<!-- \/article -->\n      \n    <\/div>\n    <!-- end of wrapper-posts -->\n      <!-- archive link -->\n      <div class=\"archive-link col-xs-12\">\n        <a href=\"\" class=\"button\" title=\"V\u00edce\">V\u00edce<\/a>\n      \n      <\/div>\n      <!-- end of archive link -->\n    <\/div>\n    <!-- end of widget-posts --><\/div><\/div><\/div><\/div><\/div>","protected":false},"excerpt":{"rendered":"<p>Department of History and Theory of Arts The activities of the department are built on the belief that the specific language of visual and artistic culture can express different dimensions of our existence than that of verbal and scientific language. Through mapping, exploring, and interpreting phenomena and trends in visual culture, it strives to create [&hellip;]<\/p>\n","protected":false},"author":17,"featured_media":0,"parent":0,"menu_order":0,"comment_status":"closed","ping_status":"closed","template":"","meta":{"ngg_post_thumbnail":0},"acf":[],"_links":{"self":[{"href":"https:\/\/old.fud.ujep.cz\/en\/wp-json\/wp\/v2\/pages\/67539"}],"collection":[{"href":"https:\/\/old.fud.ujep.cz\/en\/wp-json\/wp\/v2\/pages"}],"about":[{"href":"https:\/\/old.fud.ujep.cz\/en\/wp-json\/wp\/v2\/types\/page"}],"author":[{"embeddable":true,"href":"https:\/\/old.fud.ujep.cz\/en\/wp-json\/wp\/v2\/users\/17"}],"replies":[{"embeddable":true,"href":"https:\/\/old.fud.ujep.cz\/en\/wp-json\/wp\/v2\/comments?post=67539"}],"version-history":[{"count":0,"href":"https:\/\/old.fud.ujep.cz\/en\/wp-json\/wp\/v2\/pages\/67539\/revisions"}],"wp:attachment":[{"href":"https:\/\/old.fud.ujep.cz\/en\/wp-json\/wp\/v2\/media?parent=67539"}],"curies":[{"name":"wp","href":"https:\/\/api.w.org\/{rel}","templated":true}]}}