{"id":59700,"date":"2022-08-20T10:13:55","date_gmt":"2022-08-20T08:13:55","guid":{"rendered":"https:\/\/fud.ujep.cz\/?page_id=59700"},"modified":"2025-02-28T12:34:57","modified_gmt":"2025-02-28T10:34:57","slug":"curatorial-studies","status":"publish","type":"page","link":"https:\/\/old.fud.ujep.cz\/en\/curatorial-studies\/","title":{"rendered":"Curatorial Studies"},"content":{"rendered":"<div id=\"pl-59700\"  class=\"panel-layout\" ><div id=\"pg-59700-0\"  class=\"panel-grid panel-no-style\" ><div id=\"pgc-59700-0-0\"  class=\"panel-grid-cell\" ><div id=\"panel-59700-0-0-0\" class=\"so-panel widget widget_siteorigin-panels-builder panel-first-child\" data-index=\"0\" ><div id=\"pl-w677e422618de1\"  class=\"panel-layout\" ><div id=\"pg-w677e422618de1-0\"  class=\"panel-grid panel-no-style\" ><div id=\"pgc-w677e422618de1-0-0\"  class=\"panel-grid-cell\" ><div id=\"panel-w677e422618de1-0-0-0\" class=\"so-panel widget widget_sow-editor panel-first-child\" data-index=\"0\" ><div\n\t\t\t\n\t\t\tclass=\"so-widget-sow-editor so-widget-sow-editor-base\"\n\t\t\t\n\t\t><h3 class=\"widget-title\">Contacts<\/h3>\n<div class=\"siteorigin-widget-tinymce textwidget\">\n\t<div class=\"siteorigin-widget-tinymce textwidget\">\n<p><span style=\"font-weight: 400;\">Guarantor of Curatorial Studies course<\/span><span style=\"font-weight: 400;\"><br \/>\n<\/span><b>prof. Mgr. Michal Kole\u010dek, Ph.D.<\/b><b><br \/>\n<\/b><span style=\"font-weight: 400;\">T: +420&nbsp;475&nbsp;285&nbsp;186<\/span><span style=\"font-weight: 400;\"><br \/>\n<\/span><span style=\"font-weight: 400;\">E:&nbsp;mi&#99;&#104;al&#46;&#107;&#111;l&#101;&#99;ek&#64;u&#106;e&#112;&#46;&#99;z<\/span><\/p>\n<p><span style=\"font-weight: 400;\">Administrative Officer at Department of History and Theory of Arts<\/span><b><br \/>\n<\/b><b>Mgr. Tom\u00e1\u0161 Jurkovi\u010d<\/b><span style=\"font-weight: 400;\"><br \/>\n<\/span><span style=\"font-weight: 400;\">T: +420&nbsp;475&nbsp;285&nbsp;141<\/span><span style=\"font-weight: 400;\"><br \/>\n<\/span><span style=\"font-weight: 400;\">E: <a href=\"javascript:DeCryptX('1u1p3p2c1t202l2w2t2m0o2x2k0c1A3x1k3h3s202e2|')\">&#116;&#111;&#109;as.j&#117;rk&#111;vi&#99;&#64;uje&#112;.cz<\/a><\/span><\/p>\n<p><span style=\"font-weight: 400;\">&nbsp;<\/span><\/p>\n<p><span style=\"font-weight: 400;\"><a href=\"https:\/\/www.facebook.com\/kuratorska.studia\" target=\"_blank\" rel=\"noopener\">FACEBOOK<\/a><\/span><\/p>\n<p><span style=\"font-weight: 400;\"><a href=\"https:\/\/www.facebook.com\/Kur%C3%A1torsk%C3%A1-Studia-Ujep-396987453829702\"><br \/>\n<\/a><\/span><a href=\"https:\/\/www.instagram.com\/kuratorska_studia_fud_ujep\/?hl=cs\" target=\"_blank\" rel=\"noopener\">INSTAGRAM<\/a><\/p>\n<\/div>\n<\/div>\n<\/div><\/div><div id=\"panel-w677e422618de1-0-0-1\" class=\"so-panel widget widget_sow-editor panel-last-child\" data-index=\"1\" ><div\n\t\t\t\n\t\t\tclass=\"so-widget-sow-editor so-widget-sow-editor-base\"\n\t\t\t\n\t\t><h3 class=\"widget-title\">study plan<\/h3>\n<div class=\"siteorigin-widget-tinymce textwidget\">\n\t<div class=\"siteorigin-widget-tinymce textwidget\">\n<p><a class=\"button\" href=\"https:\/\/fud.ujep.cz\/wp\/wp-content\/uploads\/2023\/06\/plany-mga-kurat-studia-nova-akreditace-1.pdf\">STUDY PLAN OF CURATORIAL STUDIES<\/a><\/p>\n<\/div>\n<\/div>\n<\/div><\/div><\/div><div id=\"pgc-w677e422618de1-0-1\"  class=\"panel-grid-cell\" ><div id=\"panel-w677e422618de1-0-1-0\" class=\"so-panel widget widget_sow-editor panel-first-child panel-last-child\" data-index=\"2\" ><div\n\t\t\t\n\t\t\tclass=\"so-widget-sow-editor so-widget-sow-editor-base\"\n\t\t\t\n\t\t><h3 class=\"widget-title\">ADMISSION PROCEDURE<\/h3>\n<div class=\"siteorigin-widget-tinymce textwidget\">\n\t<div class=\"siteorigin-widget-tinymce textwidget\">\n<p><span style=\"font-weight: 400;\">Contact Mgr. Eva Mr\u00e1zikov\u00e1, Ph.D. over <\/span><a href=\"javascript:DeCryptX('3h0v3d200m2t2c2|1j2m3r2x1b3C2w0j3h2r0.0c0z')\"><span style=\"font-weight: 400;\"><a href=\"javascript:DeCryptX('3h0v3d200m2t2c2|1j2m3r2x1b3C2w0j3h2r0.0c0z')\">e&#118;&#97;&#46;mr&#97;&#122;ik&#111;va&#64;u&#106;ep&#46;&#99;&#122;<\/a><\/span><\/a><span style=\"font-weight: 400;\"> to arrange an individual consultation with the Guarantor of Curatorial Studies.&nbsp;<\/span><\/p>\n<p><a class=\"button\" href=\"https:\/\/fud.ujep.cz\/wp\/wp-content\/uploads\/2023\/05\/podminky-prijimaciho-rizeni-mga-kuratorska-studia-24-25.pdf\">ADMISSION INFORMATION<\/a><\/p>\n<p><img decoding=\"async\" loading=\"lazy\" class=\"alignnone wp-image-6315 size-full\" src=\"https:\/\/fud.ujep.cz\/wp\/wp-content\/uploads\/2016\/07\/kuratorska-studia_duul_tvary-myslenek.jpg\" alt=\"\" width=\"2048\" height=\"1365\"\/><\/p>\n<\/div>\n<\/div>\n<\/div><\/div><\/div><\/div><\/div><\/div><div id=\"panel-59700-0-0-1\" class=\"so-panel widget widget_sow-editor panel-last-child\" data-index=\"1\" ><div\n\t\t\t\n\t\t\tclass=\"so-widget-sow-editor so-widget-sow-editor-base\"\n\t\t\t\n\t\t><h3 class=\"widget-title\">Course overview and teaching staff<\/h3>\n<div class=\"siteorigin-widget-tinymce textwidget\">\n\t<div class=\"siteorigin-widget-tinymce textwidget\">\n<p><a href=\"https:\/\/fud.ujep.cz\/en\/department-of-history-and-theory-of-art\/\">Department of History and Theory of Arts at Faculty of Art and Design UJEP in \u00dast\u00ed nad Labem<\/a><\/p>\n<p><span style=\"font-weight: 400;\">This master degree possesses of a&nbsp;unique focus and character. Curatorial Studies is a&nbsp;relatively young course which is mainly formed in connection with the development of specifics of operations, production, interpretation and socialization of contemporary fine art. The teaching and creative structure of the course combine two basic approaches \u2013 emphasis on the theoretical reflection on current art works and focus on gaining basic skills in production field and institutional work in museum and gallery environment. In this connection, the master degree in Curatorial Studies provides students with a&nbsp;fundamental insight into historical and methodological issues of fine art, especially of the 20<\/span><span style=\"font-weight: 400;\">th<\/span><span style=\"font-weight: 400;\"> and 21<\/span><span style=\"font-weight: 400;\">st<\/span><span style=\"font-weight: 400;\"> centuries. Moreover, it also offers a&nbsp;number of workshops and seminars focused both on conceptual idea level and on management and implementation of specific creative exhibition projects.<\/span><\/p>\n<p><span style=\"font-weight: 400;\">The specific character of the Curatorial Studies course is reinforced by the combined manner of organisation of the study plan. The study plan combines traditional manners of teaching in the form of lectures, seminars and practical outputs realized in the studios through a&nbsp;study subject Curatorship Workshop. When organising the study course, a&nbsp;fundamental emphasis is put on the production of public student outputs within annual exhibition projects which also provides students with the opportunity to gain practical experience with the organisation of exhibition operations.&nbsp;<\/span><\/p>\n<p><span style=\"font-weight: 400;\">One of the interesting merits of the Curatorial Studies is a&nbsp;mutual communication among students who are graduated from different bachelor courses specialised in art creation, history and theory of arts, art education or production and art marketing. Such environment enables to create inspiring and creative multidisciplinary teams and projects.&nbsp;<\/span><\/p>\n<p><span style=\"font-weight: 400;\">Moreover, it is necessary to mention the strong emphasis placed on internationalisation and the opportunity of international and domestic study and work internships through Erasmus+ programme. Faculty of Art and Design UJEP creates and runs a&nbsp;sufficient number of facilities and exhibition institutions for work internships also in \u00dast\u00ed nad Labem, such as The \u00dast\u00ed nad Labem House of Arts, Gallery of Emil Filla, Rampa \u00dast\u00ed nad Labem, BillboArt Gallery \u00dast\u00ed nad Labem. The students of Curatorial Studies gradually join the activities of the named institutions and thus they gain invaluable practical experience already during their studies.&nbsp;<\/span><\/p>\n<p><span style=\"font-weight: 400;\">Furthermore, the portfolio of study programmes at Faculty of Art and Design UJEP allows the graduates of Curatorial Studies course to apply for continuation of studies in the doctoral degree in Visual Communication, which also includes aspects of curatorial work in the field of the current visual art scene and in a&nbsp;wider socio-cultural context.&nbsp;<\/span><\/p>\n<p><span style=\"font-weight: 400;\">The founder and guarantor of the master degree in Curatorial Studies is <\/span><b><a href=\"https:\/\/fud.ujep.cz\/en\/michal-kolecek\/\" target=\"_blank\" rel=\"noopener\">prof. Mgr. Michal Kole\u010dek, Ph.D.<\/a><\/b><span style=\"font-weight: 400;\">, who is also the Head of Department of History and Theory of Arts at Faculty of Art and Design UJEP where this course is offered since 2007. Michal Kole\u010dek deals with the history and theory of fine art and design with a&nbsp;focus on the issue of contemporary artistic expressions; curatorial studies focusing on the development of methods of contemporary curatorial practice and the socialisation of contemporary art. <\/span><\/p>\n<\/div>\n<\/div>\n<\/div><\/div><\/div><div id=\"pgc-59700-0-1\"  class=\"panel-grid-cell\" ><div id=\"panel-59700-0-1-0\" class=\"so-panel widget widget_siteorigin-panels-builder panel-first-child\" data-index=\"2\" ><div id=\"pl-w630097c349297\"  class=\"panel-layout\" ><div id=\"pg-w630097c349297-0\"  class=\"panel-grid panel-no-style\" ><div id=\"pgc-w630097c349297-0-0\"  class=\"panel-grid-cell\" ><div id=\"panel-w630097c349297-0-0-0\" class=\"so-panel widget widget_sow-editor panel-first-child panel-last-child\" data-index=\"0\" ><div\n\t\t\t\n\t\t\tclass=\"so-widget-sow-editor so-widget-sow-editor-base\"\n\t\t\t\n\t\t><h3 class=\"widget-title\">Student galleries and exhibitions<\/h3>\n<div class=\"siteorigin-widget-tinymce textwidget\">\n\t<div class=\"siteorigin-widget-tinymce textwidget\">\n<p><a class=\"button\" href=\"https:\/\/fud.ujep.cz\/galerie\/\">Rampa GALLERY<\/a> <a class=\"button\" href=\"https:\/\/fud.ujep.cz\/galerie\/\">Mimochodem GALLERY<\/a> <a class=\"button\" href=\"https:\/\/fud.ujep.cz\/galerie\/\">Billboart GALLERY<\/a> <a class=\"button\" href=\"https:\/\/fud.ujep.cz\/tvurci-cinnost\/dum-umeni-usti-nad-labem\/\">HOUSE OF ARTS <\/a><a class=\"button\" href=\"https:\/\/fud.ujep.cz\/aktualne\/48261\/\">cURATORIAL EXHIBITION<\/a><\/p>\n<p><a href=\"https:\/\/fud.ujep.cz\/wp\/wp-content\/uploads\/2021\/12\/pomezi-3.jpg\"><img decoding=\"async\" loading=\"lazy\" class=\"alignnone size-medium wp-image-54999\" src=\"https:\/\/fud.ujep.cz\/wp\/wp-content\/uploads\/2021\/12\/pomezi-3-1280x854.jpg\" alt=\"\" width=\"1280\" height=\"854\"\/><\/a><\/p>\n<\/div>\n<\/div>\n<\/div><\/div><\/div><div id=\"pgc-w630097c349297-0-1\"  class=\"panel-grid-cell\" ><div id=\"panel-w630097c349297-0-1-0\" class=\"so-panel widget widget_sow-editor panel-first-child panel-last-child\" data-index=\"1\" ><div\n\t\t\t\n\t\t\tclass=\"so-widget-sow-editor so-widget-sow-editor-base\"\n\t\t\t\n\t\t><h3 class=\"widget-title\">publications<\/h3>\n<div class=\"siteorigin-widget-tinymce textwidget\">\n\t<div class=\"siteorigin-widget-tinymce textwidget\">\n<p><span style=\"font-weight: 400;\">Members of the Department of History and Theory of Arts are authors of a&nbsp;number of publications that represent FAD UJEP in professional publishing activities. Moreover, they win numerous awards, such as The Most Beautiful Czech Book. Students or graduates join the rich publishing activities creating catalogues for the exhibitions or other projects.&nbsp;<\/span><\/p>\n<p><a class=\"button\" href=\"https:\/\/fud.ujep.cz\/en\/activities\/book-edition\/\">FAD BOOK EDITION<\/a><\/p>\n<p><img decoding=\"async\" loading=\"lazy\" class=\"alignnone size-medium_large wp-image-46322\" src=\"https:\/\/fud.ujep.cz\/wp\/wp-content\/uploads\/2021\/03\/kachna_nebo_kralik-1-768x513.jpg\" alt=\"\" width=\"768\" height=\"513\"\/><\/p>\n<\/div>\n<\/div>\n<\/div><\/div><\/div><\/div><\/div><\/div><div id=\"panel-59700-0-1-1\" class=\"so-panel widget widget_sow-editor\" data-index=\"3\" ><div\n\t\t\t\n\t\t\tclass=\"so-widget-sow-editor so-widget-sow-editor-base\"\n\t\t\t\n\t\t><h3 class=\"widget-title\">Teaching Staff<\/h3>\n<div class=\"siteorigin-widget-tinymce textwidget\">\n\t<div class=\"siteorigin-widget-tinymce textwidget\">\n<div class=\"fud_list_direcory\"><a href=\"https:\/\/old.fud.ujep.cz\/en\/lide\/martin-nitsche\/\" class=\"button post-80599\" title=\"Martin Nitsche\">Martin Nitsche<\/a><a href=\"https:\/\/old.fud.ujep.cz\/en\/lide\/78387\/\" class=\"button post-78387\" title=\"\u0160\u00e1rka Novotn\u00e1\">\u0160\u00e1rka Novotn\u00e1<\/a><a href=\"https:\/\/old.fud.ujep.cz\/en\/lide\/vaclav-janoscik\/\" class=\"button post-77462\" title=\"V\u00e1clav Jano\u0161\u010d\u00edk\">V\u00e1clav Jano\u0161\u010d\u00edk<\/a><a href=\"https:\/\/old.fud.ujep.cz\/en\/lide\/krystof-hejny\/\" class=\"button post-77461\" title=\"Kry\u0161tof Hejn\u00fd\">Kry\u0161tof Hejn\u00fd<\/a><a href=\"https:\/\/old.fud.ujep.cz\/en\/lide\/david-korinek\/\" class=\"button post-63203\" title=\"David Ko\u0159\u00ednek\">David Ko\u0159\u00ednek<\/a><a href=\"https:\/\/old.fud.ujep.cz\/en\/lide\/adela-machova\/\" class=\"button post-57167\" title=\"Ad\u00e9la Machov\u00e1\">Ad\u00e9la Machov\u00e1<\/a><a href=\"https:\/\/old.fud.ujep.cz\/en\/lide\/michal-kolecek\/\" class=\"button post-57165\" title=\"Michal Kole\u010dek\">Michal Kole\u010dek<\/a><a href=\"https:\/\/old.fud.ujep.cz\/en\/lide\/zdena-koleckova\/\" class=\"button post-57163\" title=\"Zdena Kole\u010dkov\u00e1\">Zdena Kole\u010dkov\u00e1<\/a><a href=\"https:\/\/old.fud.ujep.cz\/en\/lide\/jaroslav-polanecky\/\" class=\"button post-57162\" title=\"Jaroslav Polaneck\u00fd\">Jaroslav Polaneck\u00fd<\/a><a href=\"https:\/\/old.fud.ujep.cz\/en\/lide\/barbora-eisnerova\/\" class=\"button post-57146\" title=\"Barbora Eisnerov\u00e1\">Barbora Eisnerov\u00e1<\/a><a href=\"https:\/\/old.fud.ujep.cz\/en\/lide\/tomas-pavlicek\/\" class=\"button post-57142\" title=\"Tom\u00e1\u0161 Pavl\u00ed\u010dek\">Tom\u00e1\u0161 Pavl\u00ed\u010dek<\/a><a href=\"https:\/\/old.fud.ujep.cz\/en\/lide\/katerina-dytrtova\/\" class=\"button post-57140\" title=\"Kate\u0159ina Dytrtov\u00e1\">Kate\u0159ina Dytrtov\u00e1<\/a><a href=\"https:\/\/old.fud.ujep.cz\/en\/lide\/martin-kolar\/\" class=\"button post-57137\" title=\"Martin Kol\u00e1\u0159\">Martin Kol\u00e1\u0159<\/a><a href=\"https:\/\/old.fud.ujep.cz\/en\/lide\/eva-mrazikova\/\" class=\"button post-57136\" title=\"Eva Imr Mr\u00e1zikov\u00e1\">Eva Imr Mr\u00e1zikov\u00e1<\/a><a href=\"https:\/\/old.fud.ujep.cz\/en\/lide\/lenka-sykorova\/\" class=\"button post-57135\" title=\"Lenka S\u00fdkorov\u00e1\">Lenka S\u00fdkorov\u00e1<\/a><a href=\"https:\/\/old.fud.ujep.cz\/en\/lide\/anna-vartecka\/\" class=\"button post-57134\" title=\"Anna Varteck\u00e1\">Anna Varteck\u00e1<\/a><a href=\"https:\/\/old.fud.ujep.cz\/en\/lide\/lenka-stolarova\/\" class=\"button post-57109\" title=\"Lenka Stol\u00e1rov\u00e1\">Lenka Stol\u00e1rov\u00e1<\/a><a href=\"https:\/\/old.fud.ujep.cz\/en\/lide\/janos-gyorgy-szoboszlai\/\" class=\"button post-57108\" title=\"J\u00e1nos Gy\u00f6rgy Szoboszlai\">J\u00e1nos Gy\u00f6rgy Szoboszlai<\/a><a href=\"https:\/\/old.fud.ujep.cz\/en\/lide\/gabriela-kadlecova\/\" class=\"button post-57104\" title=\"Gabriela Kadlecov\u00e1\">Gabriela Kadlecov\u00e1<\/a><a href=\"https:\/\/old.fud.ujep.cz\/en\/lide\/adam-stech\/\" class=\"button post-57101\" title=\"Adam \u0160t\u011bch\">Adam \u0160t\u011bch<\/a><\/div>\n<\/div>\n<\/div>\n<\/div><\/div><div id=\"panel-59700-0-1-2\" class=\"so-panel widget widget_sow-editor panel-last-child\" data-index=\"4\" ><div\n\t\t\t\n\t\t\tclass=\"so-widget-sow-editor so-widget-sow-editor-base\"\n\t\t\t\n\t\t><h3 class=\"widget-title\">Our graduates<\/h3>\n<div class=\"siteorigin-widget-tinymce textwidget\">\n\t<div class=\"siteorigin-widget-tinymce textwidget\">\n<p><span style=\"font-weight: 400;\">Graduates of Curatorial Studies can be employed as independent curators or curators or lecturers in galleries and museums, public, private or commercial sectors. They will gain skills necessary for exhibition preparations both in international and domestic cultural institutions. The graduates will find jobs in the editorial offices of professional periodicals or in publishing houses oriented towards fine arts and cultural history, in journalism and art criticism, or in the field of visual communication and its administration. <\/span><\/p>\n<h4><a href=\"https:\/\/fud.ujep.cz\/odborna-pracoviste\/katedra-dejin-a-teorie-umeni\/kuratorska-studia\/adela-machova\/\" target=\"_blank\" rel=\"noopener\">AD\u00c9LA MACHOV\u00c1<\/a><\/h4>\n<p><span style=\"font-weight: 400;\">Curator and Executive Manager of the \u00dast\u00ed nad Labem House of Arts<\/span><\/p>\n<h4><a href=\"https:\/\/fud.ujep.cz\/odborna-pracoviste\/katedra-dejin-a-teorie-umeni\/kuratorska-studia\/jakub-kral\/\" target=\"_blank\" rel=\"noopener\">JAKUB KR\u00c1L<\/a><\/h4>\n<p><span style=\"font-weight: 400;\">Curator of Prague City Gallery<\/span><\/p>\n<h4><a href=\"https:\/\/fud.ujep.cz\/odborna-pracoviste\/katedra-dejin-a-teorie-umeni\/kuratorska-studia\/olga-stanikova\/\" target=\"_blank\" rel=\"noopener\">OLGA STAN\u00cdKOV\u00c1<\/a><\/h4>\n<p><span style=\"font-weight: 400;\">Curator of Museum of Modern Art in Olomouc<\/span><\/p>\n<h4><a href=\"https:\/\/fud.ujep.cz\/kristyna-hajkova-alzbeta-horackova-a-diana-knezinkova-3kuratorky\/\" target=\"_blank\" rel=\"noopener\"><strong>3CURATORS<\/strong><\/a><\/h4>\n<p><strong>Krist\u00fdna H\u00e1jkov\u00e1, Al\u017eb\u011bta Hor\u00e1\u010dkov\u00e1 a&nbsp;Diana Kn\u011b\u017e\u00ednkov\u00e1<br \/>\n<\/strong><span style=\"font-weight: 400;\">Curators and founders of independent creative platform<\/span><\/p>\n<p><strong><a href=\"https:\/\/fud.ujep.cz\/?page_id=57566&amp;preview=true\">TEREZA NOV\u00c1KOV\u00c1<\/a><\/strong><br \/>\n<span style=\"font-weight: 400;\">Freelance curator, programme \u201cArt for the City\u201d (Prague City Gallery)<\/span><\/p>\n<p><strong><a href=\"https:\/\/fud.ujep.cz\/?page_id=57699&amp;preview=true\">TEREZA Z\u00c1CHOV\u00c1<\/a><br \/>\n<\/strong><span style=\"font-weight: 400;\">Freelance curator, Curator of Galerie 35m2, Lecturer<\/span><\/p>\n<p>&nbsp;<\/p>\n<p>&nbsp;<\/p>\n<\/div>\n<\/div>\n<\/div><\/div><\/div><\/div><div id=\"pg-59700-1\"  class=\"panel-grid panel-no-style\" ><div id=\"pgc-59700-1-0\"  class=\"panel-grid-cell\" ><div id=\"panel-59700-1-0-0\" class=\"so-panel widget widget_sow-fud-wp-posts widget-posts widget-fud-posts panel-first-child panel-last-child\" data-index=\"5\" ><div\n\t\t\t\n\t\t\tclass=\"so-widget-sow-fud-wp-posts so-widget-sow-fud-wp-posts-base\"\n\t\t\t\n\t\t><h3 class=\"widget-title\">NEWS <small>(1\/24)<\/small><\/h3><div class=\"widget-posts wrapper-widget\"><div class=\"wrapper-posts columns-layout-4 masonry-grid\">\n    \t\t<!-- article -->\n    \t\t<article id=\"post-83948\" class=\"col-lg-3 col-sm-6 col-xs-12 grid-item post-83948 post type-post status-publish format-standard has-post-thumbnail hentry category-news category-curatorial-studies\">\n      \n              <figure>\n                <a href=\"https:\/\/old.fud.ujep.cz\/en\/news\/past-told-future-held-a-doctoral-exhibition-by-petra-widzova\/\" title=\"Past Told, Future Held \u2013 A&nbsp;Doctoral Exhibition by Petra Wid\u017eov\u00e1\"><img src=\"https:\/\/old.fud.ujep.cz\/wp-content\/uploads\/2026\/03\/past-told-future-held-banner-1280x720.png\" alt=\"\" \/><\/a>\n              <\/figure>\n              <header>\n        <h2><a href=\"https:\/\/old.fud.ujep.cz\/en\/news\/past-told-future-held-a-doctoral-exhibition-by-petra-widzova\/\" title=\"Past Told, Future Held \u2013 A&nbsp;Doctoral Exhibition by Petra Wid\u017eov\u00e1\">Past Told, Future Held \u2013 A&nbsp;Doctoral Exhibition by Petra Wid\u017eov\u00e1<\/a><\/h2>\n      <\/header>\n    \t\t\t\t<main class=\"entry\">\n      <div class=\"post-content\"><p data-path-to-node=\"2\">We cordially invite you to the opening of the exhibition <i data-path-to-node=\"2\" data-index-in-node=\"57\">Past Told, Future Held<\/i>, which takes you behind the scenes of caring for artistic estates. The doctoral exhibition will open on March 12 at 6:00 PM&nbsp;at the Industra Gallery in Brno.<\/p>\n<\/div>\n          <div class=\"meta post-meta\">\n            <a href=\"https:\/\/old.fud.ujep.cz\/en\/news\/past-told-future-held-a-doctoral-exhibition-by-petra-widzova\/\" title=\"Past Told, Future Held \u2013 A&nbsp;Doctoral Exhibition by Petra Wid\u017eov\u00e1\">\u2192&nbsp;More<\/a>\n          <\/div>\n            <\/main>\n    \t\t<\/article>\n    \t\t<!-- \/article -->\n      \n    \t\t<!-- article -->\n    \t\t<article id=\"post-83946\" class=\"col-lg-3 col-sm-6 col-xs-12 grid-item post-83946 post type-post status-publish format-standard has-post-thumbnail hentry category-news category-calendar category-celem-k-umeni-en\">\n      \n              <figure>\n                <a href=\"https:\/\/old.fud.ujep.cz\/en\/news\/facing-art-and-design-2-slavs-and-tatars\/\" title=\"Facing Art and Design #2 \/ Slavs and Tatars\"><img src=\"https:\/\/old.fud.ujep.cz\/wp-content\/uploads\/2026\/03\/cku-ls26-slavs-fb-1-1280x670.jpg\" alt=\"\" \/><\/a>\n              <\/figure>\n              <header>\n        <h2><a href=\"https:\/\/old.fud.ujep.cz\/en\/news\/facing-art-and-design-2-slavs-and-tatars\/\" title=\"Facing Art and Design #2 \/ Slavs and Tatars\">Facing Art and Design #2 \/ Slavs and Tatars<\/a><\/h2>\n      <\/header>\n    \t\t\t\t<main class=\"entry\">\n      <div class=\"post-content\"><p>We cordially invite you to the next lecture in the <i data-path-to-node=\"2\" data-index-in-node=\"51\">Facing Art and Design<\/i> series, this time featuring Slavs and Tatars! The lecture will take place on the final day of the <i data-path-to-node=\"2\" data-index-in-node=\"171\">Shared Existences<\/i> exhibition. It will be held at FUD UJEP in Auditorium No. 537.<\/p>\n<\/div>\n          <div class=\"meta post-meta\">\n            <a href=\"https:\/\/old.fud.ujep.cz\/en\/news\/facing-art-and-design-2-slavs-and-tatars\/\" title=\"Facing Art and Design #2 \/ Slavs and Tatars\">\u2192&nbsp;More<\/a>\n          <\/div>\n            <\/main>\n    \t\t<\/article>\n    \t\t<!-- \/article -->\n      \n    \t\t<!-- article -->\n    \t\t<article id=\"post-83919\" class=\"col-lg-3 col-sm-6 col-xs-12 grid-item post-83919 post type-post status-publish format-standard hentry category-news category-open-call-en\">\n      <header>\n        <h2><a href=\"https:\/\/old.fud.ujep.cz\/en\/news\/1st-round-of-the-internal-grant-competition-of-fud-ujep-for-2026\/\" title=\"1st Round of the Internal Grant Competition of FUD UJEP for 2026\">1st Round of the Internal Grant Competition of FUD UJEP for 2026<\/a><\/h2>\n      <\/header>\n    \t\t\t\t<main class=\"entry\">\n      <div class=\"post-content\"><p>Announcement of Internal Grants of FUD UJEP for 2026.<\/p>\n<\/div>\n          <div class=\"meta post-meta\">\n            <a href=\"https:\/\/old.fud.ujep.cz\/en\/news\/1st-round-of-the-internal-grant-competition-of-fud-ujep-for-2026\/\" title=\"1st Round of the Internal Grant Competition of FUD UJEP for 2026\">\u2192&nbsp;More<\/a>\n          <\/div>\n            <\/main>\n    \t\t<\/article>\n    \t\t<!-- \/article -->\n      \n    \t\t<!-- article -->\n    \t\t<article id=\"post-83413\" class=\"col-lg-3 col-sm-6 col-xs-12 grid-item post-83413 post type-post status-publish format-standard has-post-thumbnail hentry category-conferences\">\n      \n              <figure>\n                <a href=\"https:\/\/old.fud.ujep.cz\/en\/conferences\/we-invite-you-to-the-faculty-round-of-the-student-research-conference\/\" title=\"We invite you to the Faculty Round of the Student Research Conference\"><img src=\"https:\/\/old.fud.ujep.cz\/wp-content\/uploads\/2024\/11\/2015-budova-fud-foto-jirka-dvorak-1280x853.jpg\" alt=\"\" \/><\/a>\n              <\/figure>\n              <header>\n        <h2><a href=\"https:\/\/old.fud.ujep.cz\/en\/conferences\/we-invite-you-to-the-faculty-round-of-the-student-research-conference\/\" title=\"We invite you to the Faculty Round of the Student Research Conference\">We invite you to the Faculty Round of the Student Research Conference<\/a><\/h2>\n      <\/header>\n    \t\t\t\t<main class=\"entry\">\n      <div class=\"post-content\"><p>We cordially invite you to the faculty round of the Student Research Conference, where doctoral students of the Faculty of Art and Design will present their student projects.<\/p>\n<p>The conference will take place on <strong>Tuesday, 17 February 2026 at 10:00<\/strong> in <strong>the Lecture Hall 537<\/strong> at the Faculty of Art and Design at Jan Evangelista Purkyn\u011b University in \u00dast\u00ed nad Labem.<\/p>\n<\/div>\n          <div class=\"meta post-meta\">\n            <a href=\"https:\/\/old.fud.ujep.cz\/en\/conferences\/we-invite-you-to-the-faculty-round-of-the-student-research-conference\/\" title=\"We invite you to the Faculty Round of the Student Research Conference\">\u2192&nbsp;More<\/a>\n          <\/div>\n            <\/main>\n    \t\t<\/article>\n    \t\t<!-- \/article -->\n      \n    \t\t<!-- article -->\n    \t\t<article id=\"post-83695\" class=\"col-lg-3 col-sm-6 col-xs-12 grid-item post-83695 post type-post status-publish format-standard has-post-thumbnail hentry category-news category-open-call-en category-fud-edition\">\n      <header>\n        <h2><a href=\"https:\/\/old.fud.ujep.cz\/en\/news\/call-for-the-submission-of-proposals-for-publication-to-be-supported-by-the-major-publishing-grant-for-2026\/\" title=\"Call for the Major Publishing Grant for 2026\">Call for the Major Publishing Grant for 2026<\/a><\/h2>\n      <\/header>\n    \t\t\t\t<main class=\"entry\">\n      <div class=\"post-content\"><p data-start=\"0\" data-end=\"119\">Dean of FUD UJEP Announces a&nbsp;Call for Proposals for Publication with Support from the Major Publishing Grant for 2026.<\/p>\n<\/div>\n          <div class=\"meta post-meta\">\n            <a href=\"https:\/\/old.fud.ujep.cz\/en\/news\/call-for-the-submission-of-proposals-for-publication-to-be-supported-by-the-major-publishing-grant-for-2026\/\" title=\"Call for the Major Publishing Grant for 2026\">\u2192&nbsp;More<\/a>\n          <\/div>\n            <\/main>\n    \t\t<\/article>\n    \t\t<!-- \/article -->\n      \n    \t\t<!-- article -->\n    \t\t<article id=\"post-83274\" class=\"col-lg-3 col-sm-6 col-xs-12 grid-item post-83274 post type-post status-publish format-standard has-post-thumbnail hentry category-news category-open-call-en\">\n      <header>\n        <h2><a href=\"https:\/\/old.fud.ujep.cz\/en\/news\/we-are-announcing-an-open-call-for-two-residencies-in-paris-in-2026-deadline-february-12-2026\/\" title=\"We are announcing an open call for two residencies in Paris in 2026 \u2013 deadline extended to 02\/03\/2026!\">We are announcing an open call for two residencies in Paris in 2026 \u2013 deadline extended to 02\/03\/2026!<\/a><\/h2>\n      <\/header>\n    \t\t\t\t<main class=\"entry\">\n      <div class=\"post-content\"><p>The Faculty of Art and Design at Jan Evangelista Purkyn\u011b University in \u00dast\u00ed nad Labem (FUD UJEP) and the Cit\u00e9 internationale des arts in Paris have co-developed a&nbsp;research and creation residency programme dedicated to artists and curators from the FUD UJEP ecosystem.<\/p>\n<\/div>\n          <div class=\"meta post-meta\">\n            <a href=\"https:\/\/old.fud.ujep.cz\/en\/news\/we-are-announcing-an-open-call-for-two-residencies-in-paris-in-2026-deadline-february-12-2026\/\" title=\"We are announcing an open call for two residencies in Paris in 2026 \u2013 deadline extended to 02\/03\/2026!\">\u2192&nbsp;More<\/a>\n          <\/div>\n            <\/main>\n    \t\t<\/article>\n    \t\t<!-- \/article -->\n      \n    \t\t<!-- article -->\n    \t\t<article id=\"post-83376\" class=\"col-lg-3 col-sm-6 col-xs-12 grid-item post-83376 post type-post status-publish format-standard has-post-thumbnail hentry category-news category-exhibitions category-calendar\">\n      <header>\n        <h2><a href=\"https:\/\/old.fud.ujep.cz\/en\/news\/zimni-sklizen-exhibition-of-finals-open-day-at-fud\/\" title=\"Zimn\u00ed sklize\u0148 exhibition of finals + Open day at FUD\">Zimn\u00ed sklize\u0148 exhibition of finals + Open day at FUD<\/a><\/h2>\n      <\/header>\n    \t\t\t\t<main class=\"entry\">\n      <div class=\"post-content\"><p>We are delighted to invite you to the exhibition of student semester projects at the Faculty of Art and Design (FUD UJEP), taking place from February 12 to February 14. An Open Day will also be held on February 12.<\/p>\n<\/div>\n          <div class=\"meta post-meta\">\n            <a href=\"https:\/\/old.fud.ujep.cz\/en\/news\/zimni-sklizen-exhibition-of-finals-open-day-at-fud\/\" title=\"Zimn\u00ed sklize\u0148 exhibition of finals + Open day at FUD\">\u2192&nbsp;More<\/a>\n          <\/div>\n            <\/main>\n    \t\t<\/article>\n    \t\t<!-- \/article -->\n      \n    \t\t<!-- article -->\n    \t\t<article id=\"post-82957\" class=\"col-lg-3 col-sm-6 col-xs-12 grid-item post-82957 post type-post status-publish format-standard has-post-thumbnail hentry category-news\">\n      <header>\n        <h2><a href=\"https:\/\/old.fud.ujep.cz\/en\/news\/experiment-by-cast-iron\/\" title=\"Experiment by Cast Iron\">Experiment by Cast Iron<\/a><\/h2>\n      <\/header>\n    \t\t\t\t<main class=\"entry\">\n      <div class=\"post-content\"><p>\u201cExperiment by Cast Iron\u201d is an international symposium expanding on the momentum of its 2019 and 2021 editions. Between December 8 and 17, FUD UJEP will host a&nbsp;full program dedicated to the methods and possibilities of the material. The Studio of Natural Materials, in collaboration with educators and artists from the Czechia, Moravia, Slovakia, and the United States, will engage in processes associated with cast-iron art production.<\/p>\n<\/div>\n          <div class=\"meta post-meta\">\n            <a href=\"https:\/\/old.fud.ujep.cz\/en\/news\/experiment-by-cast-iron\/\" title=\"Experiment by Cast Iron\">\u2192&nbsp;More<\/a>\n          <\/div>\n            <\/main>\n    \t\t<\/article>\n    \t\t<!-- \/article -->\n      \n    <\/div>\n    <!-- end of wrapper-posts -->\n      <!-- archive link -->\n      <div class=\"archive-link col-xs-12\">\n        <a href=\"\" class=\"button\" title=\"V\u00edce\">V\u00edce<\/a>\n      \n      <\/div>\n      <!-- end of archive link -->\n    <\/div>\n    <!-- end of widget-posts --><\/div><\/div><\/div><\/div><div id=\"pg-59700-2\"  class=\"panel-grid panel-no-style\" ><div id=\"pgc-59700-2-0\"  class=\"panel-grid-cell\" ><div id=\"panel-59700-2-0-0\" class=\"so-panel widget widget_sow-fud-wp-messages widget-messages panel-first-child panel-last-child\" data-index=\"6\" ><div\n\t\t\t\n\t\t\tclass=\"so-widget-sow-fud-wp-messages so-widget-sow-fud-wp-messages-base\"\n\t\t\t\n\t\t><h3 class=\"widget-title\">Vzkazn\u00edk<\/h3><div class=\"wrapper-widget\">\n    \t\t<!-- message -->\n    \t\t<div id=\"post-79496\" class=\"post-79496 messages type-messages status-publish hentry\">\n          <header>\n            <h4>V\u00ddUKA PAN\u00cd MGR. LENKY STOL\u00c1ROV\u00c9 ODPAD\u00c1<\/h4>\n            <div class=\"meta meta-date\"> &rarr;&nbsp;Lenka Stol\u00e1rov\u00e1 &bull;&nbsp;24.&nbsp;4.&nbsp;2025&nbsp;07:07<\/div>\n          <header>\n          <div class=\"post-content\"><p>Dobr\u00fd den,<\/p>\r\n<p>dne\u0161n\u00ed p\u0159edn\u00e1\u0161ka z&nbsp;D\u011bjin hmotn\u00e9 kultury II se dnes ru\u0161\u00ed ze zdravotn\u00edch d\u016fvod\u016f. Materi\u00e1ly k&nbsp;samostudiu m\u00e1te v&nbsp;emailu. D\u011bkuji za pochopen\u00ed.&nbsp;<\/p><\/div>\n        <\/div>\n        <!-- \/message -->\n      \n    \t\t<!-- message -->\n    \t\t<div id=\"post-78493\" class=\"post-78493 messages type-messages status-publish hentry\">\n          <header>\n            <h4>V\u00ddUKA PAN\u00cd MGR. LENKY STOL\u00c1ROV\u00c9 DNES ODPAD\u00c1<\/h4>\n            <div class=\"meta meta-date\"> &rarr;&nbsp;Lenka Stol\u00e1rov\u00e1 &bull;&nbsp;27.&nbsp;2.&nbsp;2025&nbsp;08:43<\/div>\n          <header>\n          <div class=\"post-content\"><p>Dobr\u00fd den,<\/p>\r\n<p>dne\u0161n\u00ed v\u00fduka se dnes ru\u0161\u00ed ze zdravotn\u00edch d\u016fvod\u016f. D\u011bkuji za pochopen\u00ed.&nbsp;<\/p><\/div>\n        <\/div>\n        <!-- \/message -->\n      \n    \t\t<!-- message -->\n    \t\t<div id=\"post-69573\" class=\"post-69573 messages type-messages status-publish hentry\">\n          <header>\n            <h4>V\u00fduka pan\u00ed Mgr. Lenky Stol\u00e1rov\u00e9 dnes odpad\u00e1<\/h4>\n            <div class=\"meta meta-date\"> &rarr;&nbsp;Lenka Stol\u00e1rov\u00e1 &bull;&nbsp;14.&nbsp;11.&nbsp;2023&nbsp;09:33<\/div>\n          <header>\n          <div class=\"post-content\"><p>Dobr\u00fd den,&nbsp;<\/p>\r\n<p>Dnes se v\u00fduka z&nbsp;d\u016fvodu nemoci ru\u0161\u00ed.&nbsp;<\/p>\r\n<p>&nbsp;<\/p><\/div>\n        <\/div>\n        <!-- \/message -->\n      \n    \t\t<!-- message -->\n    \t\t<div id=\"post-66600\" class=\"post-66600 messages type-messages status-publish hentry\">\n          <header>\n            <h4>Studijn\u00ed odd\u011blen\u00ed v&nbsp;letn\u00edm re\u017eimu<\/h4>\n            <div class=\"meta meta-date\"> &rarr;&nbsp;FUD &bull;&nbsp;3.&nbsp;7.&nbsp;2023&nbsp;14:09<\/div>\n          <header>\n          <div class=\"post-content\"><p><strong>Od 1.&nbsp;\u010dervence do 31.&nbsp;srpna 2023 jsou \u00fa\u0159edn\u00ed hodiny pouze dopoledne, a&nbsp;to od 8:00&nbsp;h do 11&nbsp;h.<\/strong> V\u0159ele V\u00e1m doporu\u010dujeme p\u0159ed n\u00e1v\u0161t\u011bvou nejd\u0159\u00edve zkontaktovat studijn\u00ed odd. telefonicky \u010di&nbsp;emailem a&nbsp;sch\u016fzku si domluvit p\u0159edem.<\/p><\/div>\n        <\/div>\n        <!-- \/message -->\n      \n    \t\t<!-- message -->\n    \t\t<div id=\"post-58061\" class=\"post-58061 messages type-messages status-publish hentry\">\n          <header>\n            <h4>Provoz centra velkoform\u00e1tov\u00e9ho tisku Klauzury DP\/BP 2022\/2023<\/h4>\n            <div class=\"meta meta-date\"> &rarr;&nbsp;Ale\u0161 Loziak &bull;&nbsp;15.&nbsp;5.&nbsp;2023&nbsp;13:51<\/div>\n          <header>\n          <div class=\"post-content\"><p><a href=\"https:\/\/fud.ujep.cz\/dilny\/velkoformatovy-tisk\/\">Provoz centra velkoform\u00e1tov\u00e9ho tisku pro instalaci DP\/BP ZS 2022\/2023<\/a><\/p><\/div>\n        <\/div>\n        <!-- \/message -->\n      \n    \t\t<!-- message -->\n    \t\t<div id=\"post-65448\" class=\"post-65448 messages type-messages status-publish hentry\">\n          <header>\n            <h4>Konzulta\u010dn\u00ed hodiny dnes odpadaj\u00ed<\/h4>\n            <div class=\"meta meta-date\"> &rarr;&nbsp;Eva Mr\u00e1zikov\u00e1 &bull;&nbsp;9.&nbsp;5.&nbsp;2023&nbsp;10:04<\/div>\n          <header>\n          <div class=\"post-content\"><p>Z rodinn\u00fdch d\u016fvod\u016f dnes odpadaj\u00ed konzulta\u010dn\u00ed hodiny Evy Mr\u00e1zikov\u00e9. Z\u00edtra budou prob\u00edhat v&nbsp;\u010dase: 10:45 - 12:30. P\u0159\u00edpadn\u011b mne kontaktujte mailem. D\u011bkuji za pochopen\u00ed, Eva Mr\u00e1zikov\u00e1<\/p><\/div>\n        <\/div>\n        <!-- \/message -->\n      \n    \t\t<!-- message -->\n    \t\t<div id=\"post-65326\" class=\"post-65326 messages type-messages status-publish hentry\">\n          <header>\n            <h4>Tv\u016fr\u010d\u00ed p\u0159esahy fotografie<\/h4>\n            <div class=\"meta meta-date\"> &rarr;&nbsp;Silvie Milkov\u00e1 &bull;&nbsp;25.&nbsp;4.&nbsp;2023&nbsp;10:10<\/div>\n          <header>\n          <div class=\"post-content\">Mil\u00ed studenti, ze zdravotn\u00edch d\u016fvod\u016f se hodina 25.&nbsp;4.&nbsp;nekon\u00e1. D\u011bkuji za pochopen\u00ed. Milkov\u00e1 <\/div>\n        <\/div>\n        <!-- \/message -->\n      \n    \t\t<!-- message -->\n    \t\t<div id=\"post-65180\" class=\"post-65180 messages type-messages status-publish hentry\">\n          <header>\n            <h4>zru\u0161en\u00ed v\u00fduky<\/h4>\n            <div class=\"meta meta-date\"> &rarr;&nbsp;Anna Varteck\u00e1 &bull;&nbsp;16.&nbsp;4.&nbsp;2023&nbsp;17:41<\/div>\n          <header>\n          <div class=\"post-content\">Mil\u00e9 studentky a&nbsp;studenti, v&nbsp;pond\u011bl\u00ed (17.4.) moje v\u00fduka odpad\u00e1 z&nbsp;d\u016fvodu nemoci. D\u011bkuji za pochopen\u00ed, Anna Varteck\u00e1.<\/div>\n        <\/div>\n        <!-- \/message -->\n      <div class=\"user-login\"><a href=\"http:\/\/fud.ujep.cz\/wp\/wp-admin\/edit.php?post_type=messages\">p\u0159idat vzkaz<\/a><\/div><\/div><\/div><\/div><\/div><\/div><\/div>","protected":false},"excerpt":{"rendered":"<p>Contacts Guarantor of Curatorial Studies course prof. Mgr. Michal Kole\u010dek, Ph.D. T: +420&nbsp;475&nbsp;285&nbsp;186 E:&nbsp;m&#105;&#99;&#104;a&#108;&#46;&#107;o&#108;&#101;&#99;ek&#64;&#117;j&#101;p&#46;cz Administrative Officer at Department of History and Theory of Arts Mgr. Tom\u00e1\u0161 Jurkovi\u010d T: +420&nbsp;475&nbsp;285&nbsp;141 E: t&#111;m&#97;&#115;.ju&#114;k&#111;vi&#99;&#64;uje&#112;.&#99;z&nbsp;&nbsp; FACEBOOK INSTAGRAM study plan STUDY PLAN OF CURATORIAL STUDIES ADMISSION PROCEDURE Contact Mgr. Eva Mr\u00e1zikov\u00e1, Ph.D. over e&#118;&#97;.&#109;r&#97;z&#105;kov&#97;&#64;u&#106;ep&#46;&#99;z&nbsp;to arrange an individual consultation [&hellip;]<\/p>\n","protected":false},"author":20,"featured_media":0,"parent":0,"menu_order":0,"comment_status":"closed","ping_status":"closed","template":"","meta":{"ngg_post_thumbnail":0},"acf":[],"_links":{"self":[{"href":"https:\/\/old.fud.ujep.cz\/en\/wp-json\/wp\/v2\/pages\/59700"}],"collection":[{"href":"https:\/\/old.fud.ujep.cz\/en\/wp-json\/wp\/v2\/pages"}],"about":[{"href":"https:\/\/old.fud.ujep.cz\/en\/wp-json\/wp\/v2\/types\/page"}],"author":[{"embeddable":true,"href":"https:\/\/old.fud.ujep.cz\/en\/wp-json\/wp\/v2\/users\/20"}],"replies":[{"embeddable":true,"href":"https:\/\/old.fud.ujep.cz\/en\/wp-json\/wp\/v2\/comments?post=59700"}],"version-history":[{"count":0,"href":"https:\/\/old.fud.ujep.cz\/en\/wp-json\/wp\/v2\/pages\/59700\/revisions"}],"wp:attachment":[{"href":"https:\/\/old.fud.ujep.cz\/en\/wp-json\/wp\/v2\/media?parent=59700"}],"curies":[{"name":"wp","href":"https:\/\/api.w.org\/{rel}","templated":true}]}}