{"id":3221,"date":"2016-10-13T13:41:42","date_gmt":"2016-10-13T11:41:42","guid":{"rendered":"https:\/\/fud.ujep.cz\/creative-work\/prednasky-konference\/"},"modified":"2025-03-03T14:21:05","modified_gmt":"2025-03-03T12:21:05","slug":"lectures-conferences","status":"publish","type":"page","link":"https:\/\/old.fud.ujep.cz\/en\/activities\/lectures-conferences\/","title":{"rendered":"Lectures &#038; Conferences"},"content":{"rendered":"<div id=\"pl-3221\"  class=\"panel-layout\" ><div id=\"pg-3221-0\"  class=\"panel-grid panel-no-style\" ><div id=\"pgc-3221-0-0\"  class=\"panel-grid-cell\" ><div id=\"panel-3221-0-0-0\" class=\"so-panel widget widget_sow-fud-wp-posts widget-posts widget-fud-posts panel-first-child panel-last-child\" data-index=\"0\" ><div\n\t\t\t\n\t\t\tclass=\"so-widget-sow-fud-wp-posts so-widget-sow-fud-wp-posts-base\"\n\t\t\t\n\t\t><h3 class=\"widget-title\">Konference <small>(1\/1)<\/small><\/h3><div class=\"widget-posts wrapper-widget\"><div class=\"wrapper-posts columns-layout-2 masonry-grid\">\n    \t\t<!-- article -->\n    \t\t<article id=\"post-83413\" class=\"col-sm-6 col-xs-12 grid-item post-83413 post type-post status-publish format-standard has-post-thumbnail hentry category-conferences\">\n      \n              <figure>\n                <a href=\"https:\/\/old.fud.ujep.cz\/en\/conferences\/we-invite-you-to-the-faculty-round-of-the-student-research-conference\/\" title=\"We invite you to the Faculty Round of the Student Research Conference\"><img src=\"https:\/\/old.fud.ujep.cz\/wp-content\/uploads\/2024\/11\/2015-budova-fud-foto-jirka-dvorak-1280x853.jpg\" alt=\"\" \/><\/a>\n              <\/figure>\n              <header>\n        <h2><a href=\"https:\/\/old.fud.ujep.cz\/en\/conferences\/we-invite-you-to-the-faculty-round-of-the-student-research-conference\/\" title=\"We invite you to the Faculty Round of the Student Research Conference\">We invite you to the Faculty Round of the Student Research Conference<\/a><\/h2>\n      <\/header>\n    \t\t\t\t<main class=\"entry\">\n      <div class=\"post-content\"><p>We cordially invite you to the faculty round of the Student Research Conference, where doctoral students of the Faculty of Art and Design will present their student projects.<\/p>\n<p>The conference will take place on <strong>Tuesday, 17 February 2026 at 10:00<\/strong> in <strong>the Lecture Hall 537<\/strong> at the Faculty of Art and Design at Jan Evangelista Purkyn\u011b University in \u00dast\u00ed nad Labem.<\/p>\n<\/div>\n          <div class=\"meta post-meta\">\n            <a href=\"https:\/\/old.fud.ujep.cz\/en\/conferences\/we-invite-you-to-the-faculty-round-of-the-student-research-conference\/\" title=\"We invite you to the Faculty Round of the Student Research Conference\">\u2192&nbsp;More<\/a>\n          <\/div>\n            <\/main>\n    \t\t<\/article>\n    \t\t<!-- \/article -->\n      \n    \t\t<!-- article -->\n    \t\t<article id=\"post-59649\" class=\"col-sm-6 col-xs-12 grid-item post-59649 post type-post status-publish format-standard has-post-thumbnail hentry category-conferences category-time-based-media-en category-house-of-arts\">\n      \n              <figure>\n                <a href=\"https:\/\/old.fud.ujep.cz\/en\/house-of-arts\/phonon-festival-conference-thinking-sonic-environments\/\" title=\"phonon~ festival \/ Thinking Sonic Environments conference\"><img src=\"https:\/\/old.fud.ujep.cz\/wp-content\/uploads\/2022\/08\/kopie-souboru-phonon-2022-web-1280x720.jpg\" alt=\"\" \/><\/a>\n              <\/figure>\n              <header>\n        <h2><a href=\"https:\/\/old.fud.ujep.cz\/en\/house-of-arts\/phonon-festival-conference-thinking-sonic-environments\/\" title=\"phonon~ festival \/ Thinking Sonic Environments conference\">phonon~ festival \/ Thinking Sonic Environments conference<\/a><\/h2>\n      <\/header>\n    \t\t\t\t<main class=\"entry\">\n      <div class=\"post-content\"><p>We kindly invite you to Thinking Sonic Enviroments conference and phonon~ festival held in \u00dast\u00ed nad Labem. A&nbsp;space for transdisciplinary discussions of various approaches to description and exploration of sonic environments and&nbsp;two-day celebration of live audiovisual art, experimental electronic music and spatial audio.<\/p>\n<\/div>\n          <div class=\"meta post-meta\">\n            <a href=\"https:\/\/old.fud.ujep.cz\/en\/house-of-arts\/phonon-festival-conference-thinking-sonic-environments\/\" title=\"phonon~ festival \/ Thinking Sonic Environments conference\">\u2192&nbsp;More<\/a>\n          <\/div>\n            <\/main>\n    \t\t<\/article>\n    \t\t<!-- \/article -->\n      \n    \t\t<!-- article -->\n    \t\t<article id=\"post-53171\" class=\"col-sm-6 col-xs-12 grid-item post-53171 post type-post status-publish format-standard has-post-thumbnail hentry category-lectures category-conferences category-calendar\">\n      \n              <figure>\n                <a href=\"https:\/\/old.fud.ujep.cz\/en\/lectures\/online-konference-fashion-forward\/\" title=\"Online conference Fashion Forward\"><img src=\"https:\/\/old.fud.ujep.cz\/wp-content\/uploads\/2021\/09\/fashion-forward-visegrad-ig-01-1.jpeg\" alt=\"\" \/><\/a>\n              <\/figure>\n              <header>\n        <h2><a href=\"https:\/\/old.fud.ujep.cz\/en\/lectures\/online-konference-fashion-forward\/\" title=\"Online conference Fashion Forward\">Online conference Fashion Forward<\/a><\/h2>\n      <\/header>\n    \t\t\t\t<main class=\"entry\">\n      <div class=\"post-content\"><p>With sustainability gaining traction in fashion, 3-day <strong>online conference <a href=\"https:\/\/fashionforwardvisegrad.com\/\" target=\"_blank\" rel=\"noopener\">FASHION FORWARD<\/a><\/strong> is on a&nbsp;quest to showcase the diversity of ideas Central Europe has to offer. Presenting the most pioneering civil society advocacy groups and universities. Join us this year, <strong>September 24-26th 2021<\/strong> for this online conference that celebrates the future of fashion! Program finds <a href=\"https:\/\/fashionforwardvisegrad.com\/schedule-edt\" target=\"_blank\" rel=\"noopener\">here<\/a>.<\/p>\n<\/div>\n          <div class=\"meta post-meta\">\n            <a href=\"https:\/\/old.fud.ujep.cz\/en\/lectures\/online-konference-fashion-forward\/\" title=\"Online conference Fashion Forward\">\u2192&nbsp;More<\/a>\n          <\/div>\n            <\/main>\n    \t\t<\/article>\n    \t\t<!-- \/article -->\n      \n    \t\t<!-- article -->\n    \t\t<article id=\"post-29071\" class=\"col-sm-6 col-xs-12 grid-item post-29071 post type-post status-publish format-standard has-post-thumbnail hentry category-news category-conferences\">\n      \n              <figure>\n                <a href=\"https:\/\/old.fud.ujep.cz\/en\/news\/murmurans-mundus\/\" title=\"Murmurans Mundus\"><img src=\"https:\/\/old.fud.ujep.cz\/wp-content\/uploads\/2019\/09\/mm_logo_white.png\" alt=\"\" \/><\/a>\n              <\/figure>\n              <header>\n        <h2><a href=\"https:\/\/old.fud.ujep.cz\/en\/news\/murmurans-mundus\/\" title=\"Murmurans Mundus\">Murmurans Mundus<\/a><\/h2>\n      <\/header>\n    \t\t\t\t<main class=\"entry\">\n      <div class=\"post-content\"><p>MURMURANS MUNDUS: Sonic Ecology and Beyond<\/p>\n<p>3 Oct to 5 Oct 2019 @ Faculty of Art and Design JEPU, \u00dast\u00ed nad Labem<\/p>\n<p><a href=\"https:\/\/murmurans.ujep.cz\/\">MURMURANS MUNDUS: Sonic Ecology and Beyond<\/a><\/p>\n<p>An international interdisciplinary conference focused on the current matters of acoustic ecology perceived from the perspective of arts and both social and natural sciences.<\/p>\n<\/div>\n          <div class=\"meta post-meta\">\n            <a href=\"https:\/\/old.fud.ujep.cz\/en\/news\/murmurans-mundus\/\" title=\"Murmurans Mundus\">\u2192&nbsp;More<\/a>\n          <\/div>\n            <\/main>\n    \t\t<\/article>\n    \t\t<!-- \/article -->\n      \n    \t\t<!-- article -->\n    \t\t<article id=\"post-17576\" class=\"col-sm-6 col-xs-12 grid-item post-17576 post type-post status-publish format-standard has-post-thumbnail hentry category-conferences category-open-call-en category-student-en category-news\">\n      <header>\n        <h2><a href=\"https:\/\/old.fud.ujep.cz\/en\/news\/call-for-papers-for-the-international-conference-on-acoustic-ecology\/\" title=\"Call for Papers for the International Conference on Acoustic Ecology\">Call for Papers for the International Conference on Acoustic Ecology<\/a><\/h2>\n      <\/header>\n    \t\t\t\t<main class=\"entry\">\n      <div class=\"post-content\"><p>Faculty of Art and Design at JEPU in \u00dast\u00ed nad Labem in collaboration with The Soundscape Research Studio, Institute of Cultural Studies, University Wroclaw, Constantine the Philosopher University in Nitra and Moholy-Nagy University of Art and Design Budapest invite you to participate in the international conference, which will focus on current matters in acoustic ecology perceived from the perspective both of the arts, and of the social and natural sciences. The conference will tak\u00e9 place at Faculty of Art and Design at JEPU in \u00dast\u00ed nad Labem between 3 October and 5 October, 2019.<\/p>\n<\/div>\n          <div class=\"meta post-meta\">\n            <a href=\"https:\/\/old.fud.ujep.cz\/en\/news\/call-for-papers-for-the-international-conference-on-acoustic-ecology\/\" title=\"Call for Papers for the International Conference on Acoustic Ecology\">\u2192&nbsp;More<\/a>\n          <\/div>\n            <\/main>\n    \t\t<\/article>\n    \t\t<!-- \/article -->\n      \n    <\/div>\n    <!-- end of wrapper-posts -->\n      <!-- archive link -->\n      <div class=\"archive-link col-xs-12\">\n        <a href=\"https:\/\/fud.ujep.cz\/category\/konference\/\" class=\"button\" title=\"V\u00edce\">V\u00edce<\/a>\n      \n      <\/div>\n      <!-- end of archive link -->\n    <\/div>\n    <!-- end of widget-posts --><\/div><\/div><\/div><div id=\"pgc-3221-0-1\"  class=\"panel-grid-cell\" ><div id=\"panel-3221-0-1-0\" class=\"so-panel widget widget_sow-fud-wp-posts widget-posts widget-fud-posts panel-first-child panel-last-child\" data-index=\"1\" ><div\n\t\t\t\n\t\t\tclass=\"so-widget-sow-fud-wp-posts so-widget-sow-fud-wp-posts-base\"\n\t\t\t\n\t\t><h3 class=\"widget-title\">P\u0159edn\u00e1\u0161ky <small>(1\/2)<\/small><\/h3><div class=\"widget-posts wrapper-widget\"><div class=\"wrapper-posts columns-layout-2 masonry-grid\">\n    \t\t<!-- article -->\n    \t\t<article id=\"post-79206\" class=\"col-sm-6 col-xs-12 grid-item post-79206 post type-post status-publish format-standard has-post-thumbnail hentry category-celem-k-umeni-en category-lectures\">\n      \n              <figure>\n                <a href=\"https:\/\/old.fud.ujep.cz\/en\/lectures\/celem-k-umeni-6-ismael-de-anda-iii-eugene-ahn-hinges-of-the-western-hemisphere\/\" title=\"\u010celem k&nbsp;um\u011bn\u00ed #6 \/ Ismael de Anda III &#038; Eugene Ahn: Hinges of the Western Hemisphere\"><img src=\"https:\/\/old.fud.ujep.cz\/wp-content\/uploads\/2025\/03\/celem-k-umeni-ls-2025-ahn-iii2-3-1280x670.jpg\" alt=\"\" \/><\/a>\n              <\/figure>\n              <header>\n        <h2><a href=\"https:\/\/old.fud.ujep.cz\/en\/lectures\/celem-k-umeni-6-ismael-de-anda-iii-eugene-ahn-hinges-of-the-western-hemisphere\/\" title=\"\u010celem k&nbsp;um\u011bn\u00ed #6 \/ Ismael de Anda III &#038; Eugene Ahn: Hinges of the Western Hemisphere\">\u010celem k&nbsp;um\u011bn\u00ed #6 \/ Ismael de Anda III &#038; Eugene Ahn: Hinges of the Western Hemisphere<\/a><\/h2>\n      <\/header>\n    \t\t\t\t<main class=\"entry\">\n      <div class=\"post-content\"><p>We cordially invite you to the next lecture of Facing Art #6 (\u010celem k&nbsp;um\u011bn\u00ed), which will be held in English. Ismael de Anda III &amp; Eugene Ahn will present their new project &#8216;Hinges of the Western Hemisphere,&#8217; which they are preparing for the Alt\u00e1n Klamovka gallery in Prague.&#8221;<\/p>\n<\/div>\n          <div class=\"meta post-meta\">\n            <a href=\"https:\/\/old.fud.ujep.cz\/en\/lectures\/celem-k-umeni-6-ismael-de-anda-iii-eugene-ahn-hinges-of-the-western-hemisphere\/\" title=\"\u010celem k&nbsp;um\u011bn\u00ed #6 \/ Ismael de Anda III &#038; Eugene Ahn: Hinges of the Western Hemisphere\">\u2192&nbsp;More<\/a>\n          <\/div>\n            <\/main>\n    \t\t<\/article>\n    \t\t<!-- \/article -->\n      \n    \t\t<!-- article -->\n    \t\t<article id=\"post-78969\" class=\"col-sm-6 col-xs-12 grid-item post-78969 post type-post status-publish format-standard has-post-thumbnail hentry category-lectures category-celem-k-umeni-en\">\n      \n              <figure>\n                <a href=\"https:\/\/old.fud.ujep.cz\/en\/lectures\/celem-k-umeni-4-gerlin-heestermans\/\" title=\"CANCELLED! \u010celem k&nbsp;um\u011bn\u00ed #4 \/ Gerlin Heestermans\"><img src=\"https:\/\/old.fud.ujep.cz\/wp-content\/uploads\/2025\/03\/celem-k-umeni-ls-2025-belgie-fb-1280x670.jpg\" alt=\"\" \/><\/a>\n              <\/figure>\n              <header>\n        <h2><a href=\"https:\/\/old.fud.ujep.cz\/en\/lectures\/celem-k-umeni-4-gerlin-heestermans\/\" title=\"CANCELLED! \u010celem k&nbsp;um\u011bn\u00ed #4 \/ Gerlin Heestermans\">CANCELLED! \u010celem k&nbsp;um\u011bn\u00ed #4 \/ Gerlin Heestermans<\/a><\/h2>\n      <\/header>\n    \t\t\t\t<main class=\"entry\">\n      <div class=\"post-content\"><p>We warmly invite you to the next lecture from the <em>\u010celem k&nbsp;um\u011bn\u00ed<\/em> \/ <em data-start=\"48\" data-end=\"60\">Facing Art<\/em> series, which will take place at the House of Art in \u00dast\u00ed nad Labem and will be held in English. Since 2019, Gerlin Heestermans has been documenting and researching modernist architecture in Belgium under the name <em data-start=\"275\" data-end=\"294\">Toerist Modernist<\/em>.<\/p>\n<\/div>\n          <div class=\"meta post-meta\">\n            <a href=\"https:\/\/old.fud.ujep.cz\/en\/lectures\/celem-k-umeni-4-gerlin-heestermans\/\" title=\"CANCELLED! \u010celem k&nbsp;um\u011bn\u00ed #4 \/ Gerlin Heestermans\">\u2192&nbsp;More<\/a>\n          <\/div>\n            <\/main>\n    \t\t<\/article>\n    \t\t<!-- \/article -->\n      \n    \t\t<!-- article -->\n    \t\t<article id=\"post-77842\" class=\"col-sm-6 col-xs-12 grid-item post-77842 post type-post status-publish format-standard has-post-thumbnail hentry category-lectures category-glass category-curatorial-studies category-student-en category-natural-materials category-fine-art-photography-en-2\">\n      \n              <figure>\n                <a href=\"https:\/\/old.fud.ujep.cz\/en\/lectures\/prednaska-sklarky-umelkyne-a-profesorky-jocelyne-prince-usa\/\" title=\"Lecture by Jocelyne Prince, glass artist and professor (USA)\"><img src=\"https:\/\/old.fud.ujep.cz\/wp-content\/uploads\/2025\/01\/jocelyne-prince-korektura-ig-3-1280x1280.jpg\" alt=\"\" \/><\/a>\n              <\/figure>\n              <header>\n        <h2><a href=\"https:\/\/old.fud.ujep.cz\/en\/lectures\/prednaska-sklarky-umelkyne-a-profesorky-jocelyne-prince-usa\/\" title=\"Lecture by Jocelyne Prince, glass artist and professor (USA)\">Lecture by Jocelyne Prince, glass artist and professor (USA)<\/a><\/h2>\n      <\/header>\n    \t\t\t\t<main class=\"entry\">\n      <div class=\"post-content\"><p>FUD and the Department of Spatial Design cordially invite you to a&nbsp;lecture by Jocelyne Prince (USA), which will take place on Thursday 23 January at 10:00 in Studio 127 (Natural Materials).<\/p>\n<\/div>\n          <div class=\"meta post-meta\">\n            <a href=\"https:\/\/old.fud.ujep.cz\/en\/lectures\/prednaska-sklarky-umelkyne-a-profesorky-jocelyne-prince-usa\/\" title=\"Lecture by Jocelyne Prince, glass artist and professor (USA)\">\u2192&nbsp;More<\/a>\n          <\/div>\n            <\/main>\n    \t\t<\/article>\n    \t\t<!-- \/article -->\n      \n    \t\t<!-- article -->\n    \t\t<article id=\"post-76181\" class=\"col-sm-6 col-xs-12 grid-item post-76181 post type-post status-publish format-standard has-post-thumbnail hentry category-official-desk category-interior-design category-ceramic-design category-digital-media category-fine-art-photography-en category-interactive-media category-performance-en category-news category-natural-materials category-lectures category-time-based-media-en category-glass category-curatorial-studies\">\n      \n              <figure>\n                <a href=\"https:\/\/old.fud.ujep.cz\/en\/news\/celem-k-umeni-3-franziska-windolf-english-friendly\/\" title=\"\u010celem k&nbsp;um\u011bn\u00ed #3 \/ Franziska Windolf \/ English friendly\"><img src=\"https:\/\/old.fud.ujep.cz\/wp-content\/uploads\/2024\/10\/celem-k-umeni-zs2024-windolf3-1280x1280.jpg\" alt=\"\" \/><\/a>\n              <\/figure>\n              <header>\n        <h2><a href=\"https:\/\/old.fud.ujep.cz\/en\/news\/celem-k-umeni-3-franziska-windolf-english-friendly\/\" title=\"\u010celem k&nbsp;um\u011bn\u00ed #3 \/ Franziska Windolf \/ English friendly\">\u010celem k&nbsp;um\u011bn\u00ed #3 \/ Franziska Windolf \/ English friendly<\/a><\/h2>\n      <\/header>\n    \t\t\t\t<main class=\"entry\">\n      <div class=\"post-content\"><p>You are cordially invited to Face to Art #3 this time with interdisciplinary artist Franziska Windolf. In her talk, the author will focus on how the performative and poetic qualities of sculpture and other media can support meaningful interactions with the public, for example in public space. The lecture will be held in English.<\/p>\n<\/div>\n          <div class=\"meta post-meta\">\n            <a href=\"https:\/\/old.fud.ujep.cz\/en\/news\/celem-k-umeni-3-franziska-windolf-english-friendly\/\" title=\"\u010celem k&nbsp;um\u011bn\u00ed #3 \/ Franziska Windolf \/ English friendly\">\u2192&nbsp;More<\/a>\n          <\/div>\n            <\/main>\n    \t\t<\/article>\n    \t\t<!-- \/article -->\n      \n    \t\t<!-- article -->\n    \t\t<article id=\"post-65362\" class=\"col-sm-6 col-xs-12 grid-item post-65362 post type-post status-publish format-standard has-post-thumbnail hentry category-lectures\">\n      <header>\n        <h2><a href=\"https:\/\/old.fud.ujep.cz\/en\/lectures\/lectures-richard-kegler-amelia-hugill-fontanel-stephen-coles-usa\/\" title=\"Lectures \/ Richard Kegler, Amelia Hugill-Fontanel, Stephen Coles (USA)\">Lectures \/ Richard Kegler, Amelia Hugill-Fontanel, Stephen Coles (USA)<\/a><\/h2>\n      <\/header>\n    \t\t\t\t<main class=\"entry\">\n      <div class=\"post-content\"><p>Let us invite you to attend three lecturers focused on graphic design and typography. The lectures will introduce and discuss the P22 type foundry, as well as two leading American archives preserving printed materials and typographically-focused graphic designs related to graphic design and typographic production in the Czech Republic along with other projects presented by the guests.<\/p>\n<\/div>\n          <div class=\"meta post-meta\">\n            <a href=\"https:\/\/old.fud.ujep.cz\/en\/lectures\/lectures-richard-kegler-amelia-hugill-fontanel-stephen-coles-usa\/\" title=\"Lectures \/ Richard Kegler, Amelia Hugill-Fontanel, Stephen Coles (USA)\">\u2192&nbsp;More<\/a>\n          <\/div>\n            <\/main>\n    \t\t<\/article>\n    \t\t<!-- \/article -->\n      \n    \t\t<!-- article -->\n    \t\t<article id=\"post-60803\" class=\"col-sm-6 col-xs-12 grid-item post-60803 post type-post status-publish format-standard has-post-thumbnail hentry category-lectures\">\n      <header>\n        <h2><a href=\"https:\/\/old.fud.ujep.cz\/en\/lectures\/darja-lukjanenko-ukrainian-culture-in-wartime-accelerated-decolonization\/\" title=\"DARJA LUKJANENKO \/ Ukrainian culture in wartime: accelerated decolonization.\">DARJA LUKJANENKO \/ Ukrainian culture in wartime: accelerated decolonization.<\/a><\/h2>\n      <\/header>\n    \t\t\t\t<main class=\"entry\">\n      <div class=\"post-content\"><p>We would like to invite you to a&nbsp;lecture with ukrainian artist Darja Lukjanenko.<\/p>\n<\/div>\n          <div class=\"meta post-meta\">\n            <a href=\"https:\/\/old.fud.ujep.cz\/en\/lectures\/darja-lukjanenko-ukrainian-culture-in-wartime-accelerated-decolonization\/\" title=\"DARJA LUKJANENKO \/ Ukrainian culture in wartime: accelerated decolonization.\">\u2192&nbsp;More<\/a>\n          <\/div>\n            <\/main>\n    \t\t<\/article>\n    \t\t<!-- \/article -->\n      \n    \t\t<!-- article -->\n    \t\t<article id=\"post-58510\" class=\"col-sm-6 col-xs-12 grid-item post-58510 post type-post status-publish format-standard has-post-thumbnail hentry category-lectures category-candidate\">\n      <header>\n        <h2><a href=\"https:\/\/old.fud.ujep.cz\/en\/lectures\/summer-school-2022\/\" title=\"Summer School 2022\">Summer School 2022<\/a><\/h2>\n      <\/header>\n    \t\t\t\t<main class=\"entry\">\n      <div class=\"post-content\"><p>The FAD Summer School invites all artists and designers to \u00dast\u00ed nad Labem. We offer professional and creative meetings with a&nbsp;number of famous creators, inspiring courses and side events.<\/p>\n<\/div>\n          <div class=\"meta post-meta\">\n            <a href=\"https:\/\/old.fud.ujep.cz\/en\/lectures\/summer-school-2022\/\" title=\"Summer School 2022\">\u2192&nbsp;More<\/a>\n          <\/div>\n            <\/main>\n    \t\t<\/article>\n    \t\t<!-- \/article -->\n      \n    \t\t<!-- article -->\n    \t\t<article id=\"post-53171\" class=\"col-sm-6 col-xs-12 grid-item post-53171 post type-post status-publish format-standard has-post-thumbnail hentry category-lectures category-conferences category-calendar\">\n      <header>\n        <h2><a href=\"https:\/\/old.fud.ujep.cz\/en\/lectures\/online-konference-fashion-forward\/\" title=\"Online conference Fashion Forward\">Online conference Fashion Forward<\/a><\/h2>\n      <\/header>\n    \t\t\t\t<main class=\"entry\">\n      <div class=\"post-content\"><p>With sustainability gaining traction in fashion, 3-day <strong>online conference <a href=\"https:\/\/fashionforwardvisegrad.com\/\" target=\"_blank\" rel=\"noopener\">FASHION FORWARD<\/a><\/strong> is on a&nbsp;quest to showcase the diversity of ideas Central Europe has to offer. Presenting the most pioneering civil society advocacy groups and universities. Join us this year, <strong>September 24-26th 2021<\/strong> for this online conference that celebrates the future of fashion! Program finds <a href=\"https:\/\/fashionforwardvisegrad.com\/schedule-edt\" target=\"_blank\" rel=\"noopener\">here<\/a>.<\/p>\n<\/div>\n          <div class=\"meta post-meta\">\n            <a href=\"https:\/\/old.fud.ujep.cz\/en\/lectures\/online-konference-fashion-forward\/\" title=\"Online conference Fashion Forward\">\u2192&nbsp;More<\/a>\n          <\/div>\n            <\/main>\n    \t\t<\/article>\n    \t\t<!-- \/article -->\n      \n    \t\t<!-- article -->\n    \t\t<article id=\"post-14988\" class=\"col-sm-6 col-xs-12 grid-item post-14988 post type-post status-publish format-standard has-post-thumbnail hentry category-lectures category-calendar\">\n      <header>\n        <h2><a href=\"https:\/\/old.fud.ujep.cz\/en\/lectures\/celem-k-umeni-janka-vukmir\/\" title=\"\u010celem k&nbsp;um\u011bn\u00ed \/ Facing the Art \/ Janka Vukmir\">\u010celem k&nbsp;um\u011bn\u00ed \/ Facing the Art \/ Janka Vukmir<\/a><\/h2>\n      <\/header>\n    \t\t\t\t<main class=\"entry\">\n      <div class=\"post-content\"><div dir=\"ltr\">\n<p>We sincerely invite you to the next lecture series <strong>\u010celem k&nbsp;um\u011bn\u00ed \/ Facing&nbsp;the Art<\/strong>&nbsp;this time, with Croatian historian, theorist and curator of contemporary art, the director of the Institute of Contemporary Art Zagreb <strong>Janka Vukmir<\/strong>.<\/p>\n<p><strong>Theme: Did it happen if it is not published? \u2192 13.&nbsp;3.&nbsp;2019 \/ 16: 00 \/ FUD room No. 537<\/strong><\/p>\n<p>The lecture will be in English.<\/p>\n<\/div>\n<div>&nbsp;<\/div>\n<\/div>\n          <div class=\"meta post-meta\">\n            <a href=\"https:\/\/old.fud.ujep.cz\/en\/lectures\/celem-k-umeni-janka-vukmir\/\" title=\"\u010celem k&nbsp;um\u011bn\u00ed \/ Facing the Art \/ Janka Vukmir\">\u2192&nbsp;More<\/a>\n          <\/div>\n            <\/main>\n    \t\t<\/article>\n    \t\t<!-- \/article -->\n      \n    <\/div>\n    <!-- end of wrapper-posts -->\n      <!-- archive link -->\n      <div class=\"archive-link col-xs-12\">\n        <a href=\"https:\/\/fud.ujep.cz\/category\/prednasky\/\" class=\"button\" title=\"V\u00edce\">V\u00edce<\/a>\n      \n      <\/div>\n      <!-- end of archive link -->\n    <\/div>\n    <!-- end of widget-posts --><\/div><\/div><\/div><\/div><\/div>","protected":false},"excerpt":{"rendered":"","protected":false},"author":1,"featured_media":0,"parent":3219,"menu_order":0,"comment_status":"closed","ping_status":"closed","template":"","meta":{"ngg_post_thumbnail":0},"acf":[],"_links":{"self":[{"href":"https:\/\/old.fud.ujep.cz\/en\/wp-json\/wp\/v2\/pages\/3221"}],"collection":[{"href":"https:\/\/old.fud.ujep.cz\/en\/wp-json\/wp\/v2\/pages"}],"about":[{"href":"https:\/\/old.fud.ujep.cz\/en\/wp-json\/wp\/v2\/types\/page"}],"author":[{"embeddable":true,"href":"https:\/\/old.fud.ujep.cz\/en\/wp-json\/wp\/v2\/users\/1"}],"replies":[{"embeddable":true,"href":"https:\/\/old.fud.ujep.cz\/en\/wp-json\/wp\/v2\/comments?post=3221"}],"version-history":[{"count":0,"href":"https:\/\/old.fud.ujep.cz\/en\/wp-json\/wp\/v2\/pages\/3221\/revisions"}],"up":[{"embeddable":true,"href":"https:\/\/old.fud.ujep.cz\/en\/wp-json\/wp\/v2\/pages\/3219"}],"wp:attachment":[{"href":"https:\/\/old.fud.ujep.cz\/en\/wp-json\/wp\/v2\/media?parent=3221"}],"curies":[{"name":"wp","href":"https:\/\/api.w.org\/{rel}","templated":true}]}}